{"id":2507,"date":"2026-04-27T04:40:40","date_gmt":"2026-04-27T04:40:40","guid":{"rendered":""},"modified":"2026-04-27T04:40:40","modified_gmt":"2026-04-27T04:40:40","slug":"bradas-zahradni-sprcha-na-bodci-black-line-sezonni-sleva-2507","status":"publish","type":"product","link":"https:\/\/www.technodompro.com\/index.php\/produkt\/bradas-zahradni-sprcha-na-bodci-black-line-sezonni-sleva-2507\/","title":{"rendered":"Bradas Zahradn\u00ed sprcha na bodci  Black Line Sez\u00f3nn\u00ed Sleva"},"content":{"rendered":"<div class=\"detail-description__right\">\t\t\t\t<\/div>\n<div class=\"detail-description__top\">\t\t\t\t<\/div>\n<div class=\"detail-description__left\">\n<div class=\"detail-description__left__overflow\">\n<div class=\"detail-description__left__head\">\t\t\t\t\t\tPopis:\t\t\t\t\t<\/div>\n<div class=\"ul-style ul-style--check\">\n<p><strong>Zahradn\u00ed sprcha Black Line na bodci<\/strong><\/p>\n<p>Nezbytn\u00fd letn\u00ed dopln\u011bk ka\u017ed\u00e9 zahrady, osv\u011b\u017een\u00ed kter\u00e9 v\u00e1mzp\u0159\u00edjemn\u00ed hork\u00e9 letn\u00ed dny. Sprchov\u00e1n\u00ed p\u0159ed vstupem do baz\u00e9nu nebo jenrychlou o\u010distu po celodenn\u00ed pr\u00e1ci na zahrad\u011b. D\u00edky bodci je mo\u017en\u00e9 sprchupou\u017e\u00edt nejen na m\u011bkk\u00e9m podlo\u017e\u00ed, ale i\u00a0na nerovn\u00e9m ter\u00e9nu. Konstrukceumo\u017e\u0148uje regulaci v\u00fd\u0161ky sprchy od 150\u00a0\u2013 210\u00a0cm. Hlavice sprchy jenastaviteln\u00e1 a regulovateln\u00e1 ve 3\u00a0r\u016fzn\u00fdch funkc\u00edch pr\u016ftoku.\u00a0<\/p>\n<p>Konstrukce sprchy je tvo\u0159ena z\u00a0PVC a aluminiov\u00fdch \u010d\u00e1st\u00ed.<\/p>\n<p><strong>Vlastnosti:<\/strong><\/p>\n<ul class=\"plusminus\">\n<li><i class=\"fas fa-check\"><\/i><span>Bodec pro um\u00edst\u011bn\u00ed na m\u011bkk\u00e9m nebo nerovn\u00e9m ter\u00e9nu<\/span><\/li>\n<li><i class=\"fas fa-check\"><\/i><span>Regulace v\u00fd\u0161ky sprchy 150\u00a0\u2013 210\u00a0cm<\/span><\/li>\n<li><i class=\"fas fa-check\"><\/i><span>Plynul\u00e1 regulace pr\u016ftoku vody<\/span><\/li>\n<li><i class=\"fas fa-check\"><\/i><span>3\u00a0varianty rozptylu vody: sprcha\/ st\u0159edov\u00fd proud \/ pln\u00fd\u00a0pramen<\/span><\/li>\n<\/ul>\n<\/div>\n<div class=\"detail-description__left__more\">\t\t\t\t\t\t<span> <\/span><span> <\/span>\t\t\t\t\t<\/div>\n<\/p><\/div>\n<\/p><\/div>\n<div class=\"detail-description__more\"><span> <\/span><span> <\/span><\/div>\n<\/p><\/div>\n<\/p><\/div>\n","protected":false},"excerpt":{"rendered":"<p>Popis: Zahradn\u00ed sprcha Black Line na bodci Nezbytn\u00fd letn\u00ed dopln\u011bk ka\u017ed\u00e9 zahrady, osv\u011b\u017een\u00ed kter\u00e9 v\u00e1mzp\u0159\u00edjemn\u00ed hork\u00e9 letn\u00ed dny. Sprchov\u00e1n\u00ed p\u0159ed vstupem do baz\u00e9nu nebo jenrychlou o\u010distu po celodenn\u00ed pr\u00e1ci na zahrad\u011b. D\u00edky bodci je mo\u017en\u00e9 sprchupou\u017e\u00edt nejen na m\u011bkk\u00e9m podlo\u017e\u00ed, ale i\u00a0na nerovn\u00e9m ter\u00e9nu. Konstrukceumo\u017e\u0148uje regulaci v\u00fd\u0161ky sprchy od 150\u00a0\u2013 210\u00a0cm. Hlavice sprchy jenastaviteln\u00e1 a [&hellip;]<\/p>\n","protected":false},"featured_media":2607,"comment_status":"open","ping_status":"open","template":"","meta":[],"product_brand":[],"product_cat":[36],"product_tag":[],"class_list":{"0":"post-2507","1":"product","2":"type-product","3":"status-publish","4":"has-post-thumbnail","6":"product_cat-zahrada","8":"first","9":"instock","10":"sale","11":"shipping-taxable","12":"purchasable","13":"product-type-simple"},"yoast_head":"<!-- This site is optimized with the Yoast SEO plugin v26.8 - https:\/\/yoast.com\/product\/yoast-seo-wordpress\/ -->\n<title>Bradas Zahradn\u00ed sprcha na bodci Black Line Sez\u00f3nn\u00ed Sleva -<\/title>\n<meta name=\"robots\" content=\"index, follow, max-snippet:-1, max-image-preview:large, max-video-preview:-1\" \/>\n<link rel=\"canonical\" href=\"https:\/\/www.technodompro.com\/index.php\/produkt\/bradas-zahradni-sprcha-na-bodci-black-line-sezonni-sleva-2507\/\" \/>\n<meta property=\"og:locale\" content=\"cs_CZ\" \/>\n<meta property=\"og:type\" content=\"article\" \/>\n<meta property=\"og:title\" content=\"Bradas Zahradn\u00ed sprcha na bodci Black Line Sez\u00f3nn\u00ed Sleva -\" \/>\n<meta property=\"og:description\" content=\"Popis: Zahradn\u00ed sprcha Black Line na bodci Nezbytn\u00fd letn\u00ed dopln\u011bk ka\u017ed\u00e9 zahrady, osv\u011b\u017een\u00ed kter\u00e9 v\u00e1mzp\u0159\u00edjemn\u00ed hork\u00e9 letn\u00ed dny. Sprchov\u00e1n\u00ed p\u0159ed vstupem do baz\u00e9nu nebo jenrychlou o\u010distu po celodenn\u00ed pr\u00e1ci na zahrad\u011b. D\u00edky bodci je mo\u017en\u00e9 sprchupou\u017e\u00edt nejen na m\u011bkk\u00e9m podlo\u017e\u00ed, ale i\u00a0na nerovn\u00e9m ter\u00e9nu. Konstrukceumo\u017e\u0148uje regulaci v\u00fd\u0161ky sprchy od 150\u00a0\u2013 210\u00a0cm. Hlavice sprchy jenastaviteln\u00e1 a [&hellip;]\" \/>\n<meta property=\"og:url\" content=\"https:\/\/www.technodompro.com\/index.php\/produkt\/bradas-zahradni-sprcha-na-bodci-black-line-sezonni-sleva-2507\/\" \/>\n<meta property=\"og:image\" content=\"https:\/\/www.technodompro.com\/wp-content\/uploads\/2026\/SK0017789-CZ20260425-091936-0-1777079982-bradas-zahradni-sprcha-na-bodci-black-line-w1200-h628-f8-c5.webp\" \/>\n\t<meta property=\"og:image:width\" content=\"1000\" \/>\n\t<meta property=\"og:image:height\" content=\"523\" \/>\n\t<meta property=\"og:image:type\" content=\"image\/webp\" \/>\n<meta name=\"twitter:card\" content=\"summary_large_image\" \/>\n<meta name=\"twitter:label1\" content=\"Odhadovan\u00e1 doba \u010dten\u00ed\" \/>\n\t<meta name=\"twitter:data1\" content=\"1 minuta\" \/>\n<script type=\"application\/ld+json\" class=\"yoast-schema-graph\">{\"@context\":\"https:\/\/schema.org\",\"@graph\":[{\"@type\":\"WebPage\",\"@id\":\"https:\/\/www.technodompro.com\/index.php\/produkt\/bradas-zahradni-sprcha-na-bodci-black-line-sezonni-sleva-2507\/\",\"url\":\"https:\/\/www.technodompro.com\/index.php\/produkt\/bradas-zahradni-sprcha-na-bodci-black-line-sezonni-sleva-2507\/\",\"name\":\"Bradas Zahradn\u00ed sprcha na bodci Black Line Sez\u00f3nn\u00ed Sleva -\",\"isPartOf\":{\"@id\":\"https:\/\/www.technodompro.com\/#website\"},\"primaryImageOfPage\":{\"@id\":\"https:\/\/www.technodompro.com\/index.php\/produkt\/bradas-zahradni-sprcha-na-bodci-black-line-sezonni-sleva-2507\/#primaryimage\"},\"image\":{\"@id\":\"https:\/\/www.technodompro.com\/index.php\/produkt\/bradas-zahradni-sprcha-na-bodci-black-line-sezonni-sleva-2507\/#primaryimage\"},\"thumbnailUrl\":\"https:\/\/www.technodompro.com\/wp-content\/uploads\/2026\/SK0017789-CZ20260425-091936-0-1777079982-bradas-zahradni-sprcha-na-bodci-black-line-w1200-h628-f8-c5.webp\",\"datePublished\":\"2026-04-27T04:40:40+00:00\",\"breadcrumb\":{\"@id\":\"https:\/\/www.technodompro.com\/index.php\/produkt\/bradas-zahradni-sprcha-na-bodci-black-line-sezonni-sleva-2507\/#breadcrumb\"},\"inLanguage\":\"cs\",\"potentialAction\":[{\"@type\":\"ReadAction\",\"target\":[\"https:\/\/www.technodompro.com\/index.php\/produkt\/bradas-zahradni-sprcha-na-bodci-black-line-sezonni-sleva-2507\/\"]}]},{\"@type\":\"ImageObject\",\"inLanguage\":\"cs\",\"@id\":\"https:\/\/www.technodompro.com\/index.php\/produkt\/bradas-zahradni-sprcha-na-bodci-black-line-sezonni-sleva-2507\/#primaryimage\",\"url\":\"https:\/\/www.technodompro.com\/wp-content\/uploads\/2026\/SK0017789-CZ20260425-091936-0-1777079982-bradas-zahradni-sprcha-na-bodci-black-line-w1200-h628-f8-c5.webp\",\"contentUrl\":\"https:\/\/www.technodompro.com\/wp-content\/uploads\/2026\/SK0017789-CZ20260425-091936-0-1777079982-bradas-zahradni-sprcha-na-bodci-black-line-w1200-h628-f8-c5.webp\",\"width\":1000,\"height\":523},{\"@type\":\"BreadcrumbList\",\"@id\":\"https:\/\/www.technodompro.com\/index.php\/produkt\/bradas-zahradni-sprcha-na-bodci-black-line-sezonni-sleva-2507\/#breadcrumb\",\"itemListElement\":[{\"@type\":\"ListItem\",\"position\":1,\"name\":\"Home\",\"item\":\"https:\/\/www.technodompro.com\/\"},{\"@type\":\"ListItem\",\"position\":2,\"name\":\"Products\",\"item\":\"https:\/\/www.technodompro.com\/index.php\/products\/\"},{\"@type\":\"ListItem\",\"position\":3,\"name\":\"Bradas Zahradn\u00ed sprcha na bodci Black Line Sez\u00f3nn\u00ed Sleva\"}]},{\"@type\":\"WebSite\",\"@id\":\"https:\/\/www.technodompro.com\/#website\",\"url\":\"https:\/\/www.technodompro.com\/\",\"name\":\"\",\"description\":\"\",\"potentialAction\":[{\"@type\":\"SearchAction\",\"target\":{\"@type\":\"EntryPoint\",\"urlTemplate\":\"https:\/\/www.technodompro.com\/?s={search_term_string}\"},\"query-input\":{\"@type\":\"PropertyValueSpecification\",\"valueRequired\":true,\"valueName\":\"search_term_string\"}}],\"inLanguage\":\"cs\"}]}<\/script>\n<!-- \/ Yoast SEO plugin. -->","yoast_head_json":{"title":"Bradas Zahradn\u00ed sprcha na bodci Black Line Sez\u00f3nn\u00ed Sleva -","robots":{"index":"index","follow":"follow","max-snippet":"max-snippet:-1","max-image-preview":"max-image-preview:large","max-video-preview":"max-video-preview:-1"},"canonical":"https:\/\/www.technodompro.com\/index.php\/produkt\/bradas-zahradni-sprcha-na-bodci-black-line-sezonni-sleva-2507\/","og_locale":"cs_CZ","og_type":"article","og_title":"Bradas Zahradn\u00ed sprcha na bodci Black Line Sez\u00f3nn\u00ed Sleva -","og_description":"Popis: Zahradn\u00ed sprcha Black Line na bodci Nezbytn\u00fd letn\u00ed dopln\u011bk ka\u017ed\u00e9 zahrady, osv\u011b\u017een\u00ed kter\u00e9 v\u00e1mzp\u0159\u00edjemn\u00ed hork\u00e9 letn\u00ed dny. Sprchov\u00e1n\u00ed p\u0159ed vstupem do baz\u00e9nu nebo jenrychlou o\u010distu po celodenn\u00ed pr\u00e1ci na zahrad\u011b. D\u00edky bodci je mo\u017en\u00e9 sprchupou\u017e\u00edt nejen na m\u011bkk\u00e9m podlo\u017e\u00ed, ale i\u00a0na nerovn\u00e9m ter\u00e9nu. Konstrukceumo\u017e\u0148uje regulaci v\u00fd\u0161ky sprchy od 150\u00a0\u2013 210\u00a0cm. Hlavice sprchy jenastaviteln\u00e1 a [&hellip;]","og_url":"https:\/\/www.technodompro.com\/index.php\/produkt\/bradas-zahradni-sprcha-na-bodci-black-line-sezonni-sleva-2507\/","og_image":[{"width":1000,"height":523,"url":"https:\/\/www.technodompro.com\/wp-content\/uploads\/2026\/SK0017789-CZ20260425-091936-0-1777079982-bradas-zahradni-sprcha-na-bodci-black-line-w1200-h628-f8-c5.webp","type":"image\/webp"}],"twitter_card":"summary_large_image","twitter_misc":{"Odhadovan\u00e1 doba \u010dten\u00ed":"1 minuta"},"schema":{"@context":"https:\/\/schema.org","@graph":[{"@type":"WebPage","@id":"https:\/\/www.technodompro.com\/index.php\/produkt\/bradas-zahradni-sprcha-na-bodci-black-line-sezonni-sleva-2507\/","url":"https:\/\/www.technodompro.com\/index.php\/produkt\/bradas-zahradni-sprcha-na-bodci-black-line-sezonni-sleva-2507\/","name":"Bradas Zahradn\u00ed sprcha na bodci Black Line Sez\u00f3nn\u00ed Sleva -","isPartOf":{"@id":"https:\/\/www.technodompro.com\/#website"},"primaryImageOfPage":{"@id":"https:\/\/www.technodompro.com\/index.php\/produkt\/bradas-zahradni-sprcha-na-bodci-black-line-sezonni-sleva-2507\/#primaryimage"},"image":{"@id":"https:\/\/www.technodompro.com\/index.php\/produkt\/bradas-zahradni-sprcha-na-bodci-black-line-sezonni-sleva-2507\/#primaryimage"},"thumbnailUrl":"https:\/\/www.technodompro.com\/wp-content\/uploads\/2026\/SK0017789-CZ20260425-091936-0-1777079982-bradas-zahradni-sprcha-na-bodci-black-line-w1200-h628-f8-c5.webp","datePublished":"2026-04-27T04:40:40+00:00","breadcrumb":{"@id":"https:\/\/www.technodompro.com\/index.php\/produkt\/bradas-zahradni-sprcha-na-bodci-black-line-sezonni-sleva-2507\/#breadcrumb"},"inLanguage":"cs","potentialAction":[{"@type":"ReadAction","target":["https:\/\/www.technodompro.com\/index.php\/produkt\/bradas-zahradni-sprcha-na-bodci-black-line-sezonni-sleva-2507\/"]}]},{"@type":"ImageObject","inLanguage":"cs","@id":"https:\/\/www.technodompro.com\/index.php\/produkt\/bradas-zahradni-sprcha-na-bodci-black-line-sezonni-sleva-2507\/#primaryimage","url":"https:\/\/www.technodompro.com\/wp-content\/uploads\/2026\/SK0017789-CZ20260425-091936-0-1777079982-bradas-zahradni-sprcha-na-bodci-black-line-w1200-h628-f8-c5.webp","contentUrl":"https:\/\/www.technodompro.com\/wp-content\/uploads\/2026\/SK0017789-CZ20260425-091936-0-1777079982-bradas-zahradni-sprcha-na-bodci-black-line-w1200-h628-f8-c5.webp","width":1000,"height":523},{"@type":"BreadcrumbList","@id":"https:\/\/www.technodompro.com\/index.php\/produkt\/bradas-zahradni-sprcha-na-bodci-black-line-sezonni-sleva-2507\/#breadcrumb","itemListElement":[{"@type":"ListItem","position":1,"name":"Home","item":"https:\/\/www.technodompro.com\/"},{"@type":"ListItem","position":2,"name":"Products","item":"https:\/\/www.technodompro.com\/index.php\/products\/"},{"@type":"ListItem","position":3,"name":"Bradas Zahradn\u00ed sprcha na bodci Black Line Sez\u00f3nn\u00ed Sleva"}]},{"@type":"WebSite","@id":"https:\/\/www.technodompro.com\/#website","url":"https:\/\/www.technodompro.com\/","name":"","description":"","potentialAction":[{"@type":"SearchAction","target":{"@type":"EntryPoint","urlTemplate":"https:\/\/www.technodompro.com\/?s={search_term_string}"},"query-input":{"@type":"PropertyValueSpecification","valueRequired":true,"valueName":"search_term_string"}}],"inLanguage":"cs"}]}},"_links":{"self":[{"href":"https:\/\/www.technodompro.com\/index.php\/wp-json\/wp\/v2\/product\/2507","targetHints":{"allow":["GET"]}}],"collection":[{"href":"https:\/\/www.technodompro.com\/index.php\/wp-json\/wp\/v2\/product"}],"about":[{"href":"https:\/\/www.technodompro.com\/index.php\/wp-json\/wp\/v2\/types\/product"}],"replies":[{"embeddable":true,"href":"https:\/\/www.technodompro.com\/index.php\/wp-json\/wp\/v2\/comments?post=2507"}],"wp:featuredmedia":[{"embeddable":true,"href":"https:\/\/www.technodompro.com\/index.php\/wp-json\/wp\/v2\/media\/2607"}],"wp:attachment":[{"href":"https:\/\/www.technodompro.com\/index.php\/wp-json\/wp\/v2\/media?parent=2507"}],"wp:term":[{"taxonomy":"product_brand","embeddable":true,"href":"https:\/\/www.technodompro.com\/index.php\/wp-json\/wp\/v2\/product_brand?post=2507"},{"taxonomy":"product_cat","embeddable":true,"href":"https:\/\/www.technodompro.com\/index.php\/wp-json\/wp\/v2\/product_cat?post=2507"},{"taxonomy":"product_tag","embeddable":true,"href":"https:\/\/www.technodompro.com\/index.php\/wp-json\/wp\/v2\/product_tag?post=2507"}],"curies":[{"name":"wp","href":"https:\/\/api.w.org\/{rel}","templated":true}]}}