{"id":43166,"date":"2026-04-27T04:42:25","date_gmt":"2026-04-27T04:42:25","guid":{"rendered":""},"modified":"2026-04-27T04:42:25","modified_gmt":"2026-04-27T04:42:25","slug":"zrcadlo-s-osvetlenim-bernay-nejprodavanejsi-43166","status":"publish","type":"product","link":"https:\/\/www.technodompro.com\/index.php\/produkt\/zrcadlo-s-osvetlenim-bernay-nejprodavanejsi-43166\/","title":{"rendered":"Zrcadlo s osv\u011btlen\u00edm Bernay Nejprod\u00e1van\u011bj\u0161\u00ed"},"content":{"rendered":"<div class=\"basic-description\">\n<h3>Detailn\u00ed popis produktu<\/h3>\n<p>                                    <html><body><\/p>\n<p><strong>Interi\u00e9rov\u00e9 zrcadlo <strong>\u00a0Bernay<\/strong><\/strong>\u00a0vynik\u00e1 vysoce kvalitn\u00edm zpracov\u00e1n\u00edm a spolehlivou funk\u010dnost\u00ed v\u0161ech sou\u010d\u00e1st\u00ed a materi\u00e1l\u016f.\u00a0<\/p>\n<h3><strong>P\u0159ednosti z<strong>rcadla\u00a0<strong>\u00a0Bernay<\/strong><\/strong><\/strong><\/h3>\n<ul>\n<li>zrcadlo <strong>podsv\u00edcen\u00e9\u00a0\u017e\u00e1rovkou 2 ks (E14) max. 28 W<\/strong><\/li>\n<li>zrcadlo dod\u00e1 prostoru<strong>\u00a0v\u00edce sv\u011btla<\/strong><\/li>\n<li><strong>zrcadlo bez\u00a0vyp\u00edna\u010de<\/strong><\/li>\n<li>\u0161pi\u010dkov\u00e1 povrchov\u00e1 \u00faprava =\u00a0<strong>velmi snadn\u00e1 \u00fadr\u017eba<\/strong><\/li>\n<li><strong>dod\u00e1v\u00e1no ve smontovan\u00e9m stavu, p\u0159ipraveno k\u00a0okam\u017eit\u00e9 instalaci<br \/><\/strong><\/li>\n<\/ul>\n<h3><strong>Rozm\u011br: <\/strong><\/h3>\n<ul>\n<li>55 x 65 cm\u00a0<\/li>\n<\/ul>\n<h3>Z\u00e1ruka 2 roky<\/h3>\n<p><\/body><\/html>                            <\/div>\n<div class=\"extended-description\">\n<h3>Dopl\u0148kov\u00e9 parametry<\/h3>\n<table class=\"detail-parameters\">\n<tbody>\n<tr>\n<th>        <span class=\"row-header-label\">            Kategorie<span class=\"row-header-label-colon\">:<\/span>        <\/span>    <\/th>\n<td>            <\/td>\n<\/tr>\n<tr>\n<th>            <span class=\"row-header-label\">                Z\u00e1ruka<span class=\"row-header-label-colon\">:<\/span>            <\/span>        <\/th>\n<td>            2 roky        <\/td>\n<\/tr>\n<tr>\n<th>            <span class=\"row-header-label\">                Hmotnost<span class=\"row-header-label-colon\">:<\/span>            <\/span>        <\/th>\n<td>            6.1 kg        <\/td>\n<\/tr>\n<tr class=\"productEan\">\n<th>          <span class=\"row-header-label productEan__label\">              EAN<span class=\"row-header-label-colon\">:<\/span>          <\/span>      <\/th>\n<td>          <span class=\"productEan__value\">5905241015965<\/span>      <\/td>\n<\/tr>\n<tr>\n<th>                <span class=\"row-header-label\">                                            Barva<span class=\"row-header-label-colon\">:<\/span>                                    <\/span>            <\/th>\n<td>                                                            B\u00edl\u00e1 leskl\u00e1                                                <\/td>\n<\/tr>\n<tr>\n<th>                <span class=\"row-header-label\">                                            Instalace<span class=\"row-header-label-colon\">:<\/span>                                    <\/span>            <\/th>\n<td>                                                            Z\u00e1v\u011bsn\u00e1                                                <\/td>\n<\/tr>\n<tr>\n<th>                <span class=\"row-header-label\">                                            Katalog<span class=\"row-header-label-colon\">:<\/span>                                    <\/span>            <\/th>\n<td>                                                            Olsen-Spa                                                <\/td>\n<\/tr>\n<tr>\n<th>                <span class=\"row-header-label\">                                            Materi\u00e1l<span class=\"row-header-label-colon\">:<\/span>                                    <\/span>            <\/th>\n<td>                                                            Sklo                                                <\/td>\n<\/tr>\n<tr>\n<th>                <span class=\"row-header-label\">                                            Osv\u011btlen\u00ed<span class=\"row-header-label-colon\">:<\/span>                                    <\/span>            <\/th>\n<td>                                                            Halogen                                                <\/td>\n<\/tr>\n<tr>\n<th>                <span class=\"row-header-label\">                                            Rozm\u011br A<span class=\"row-header-label-colon\">:<\/span>                                    <\/span>            <\/th>\n<td>                                                            55 cm                                                <\/td>\n<\/tr>\n<tr>\n<th>                <span class=\"row-header-label\">                                            Rozm\u011br C<span class=\"row-header-label-colon\">:<\/span>                                    <\/span>            <\/th>\n<td>                                                            65 cm                                                <\/td>\n<\/tr>\n<tr>\n<th>                <span class=\"row-header-label\">                                            S\u00e9rie<span class=\"row-header-label-colon\">:<\/span>                                    <\/span>            <\/th>\n<td>                                                            BERNAY                                                <\/td>\n<\/tr>\n<tr>\n<th>                <span class=\"row-header-label\">                                            Skupina artiklu<span class=\"row-header-label-colon\">:<\/span>                                    <\/span>            <\/th>\n<td>                                                            S23N                                                <\/td>\n<\/tr>\n<tr>\n<th>                <span class=\"row-header-label\">                                            Stupe\u0148 kryt\u00ed<span class=\"row-header-label-colon\">:<\/span>                                    <\/span>            <\/th>\n<td>                                                            IP20                                                <\/td>\n<\/tr>\n<tr>\n<th>                <span class=\"row-header-label\">                                            Z\u00e1ruka<span class=\"row-header-label-colon\">:<\/span>                                    <\/span>            <\/th>\n<td>                                                            2 roky                                                <\/td>\n<\/tr>\n<\/tbody>\n<\/table><\/div>\n<\/p><\/div>\n<\/p><\/div>\n","protected":false},"excerpt":{"rendered":"<p>Detailn\u00ed popis produktu Interi\u00e9rov\u00e9 zrcadlo \u00a0Bernay\u00a0vynik\u00e1 vysoce kvalitn\u00edm zpracov\u00e1n\u00edm a spolehlivou funk\u010dnost\u00ed v\u0161ech sou\u010d\u00e1st\u00ed a materi\u00e1l\u016f.\u00a0 P\u0159ednosti zrcadla\u00a0\u00a0Bernay zrcadlo podsv\u00edcen\u00e9\u00a0\u017e\u00e1rovkou 2 ks (E14) max. 28 W zrcadlo dod\u00e1 prostoru\u00a0v\u00edce sv\u011btla zrcadlo bez\u00a0vyp\u00edna\u010de \u0161pi\u010dkov\u00e1 povrchov\u00e1 \u00faprava =\u00a0velmi snadn\u00e1 \u00fadr\u017eba dod\u00e1v\u00e1no ve smontovan\u00e9m stavu, p\u0159ipraveno k\u00a0okam\u017eit\u00e9 instalaci Rozm\u011br: 55 x 65 cm\u00a0 Z\u00e1ruka 2 roky Dopl\u0148kov\u00e9 parametry [&hellip;]<\/p>\n","protected":false},"featured_media":43266,"comment_status":"open","ping_status":"open","template":"","meta":[],"product_brand":[],"product_cat":[59],"product_tag":[],"class_list":{"0":"post-43166","1":"product","2":"type-product","3":"status-publish","4":"has-post-thumbnail","6":"product_cat-zrcadla","8":"first","9":"instock","10":"sale","11":"shipping-taxable","12":"purchasable","13":"product-type-simple"},"yoast_head":"<!-- This site is optimized with the Yoast SEO plugin v26.8 - https:\/\/yoast.com\/product\/yoast-seo-wordpress\/ -->\n<title>Zrcadlo s osv\u011btlen\u00edm Bernay Nejprod\u00e1van\u011bj\u0161\u00ed -<\/title>\n<meta name=\"robots\" content=\"index, follow, max-snippet:-1, max-image-preview:large, max-video-preview:-1\" \/>\n<link rel=\"canonical\" href=\"https:\/\/www.technodompro.com\/index.php\/produkt\/zrcadlo-s-osvetlenim-bernay-nejprodavanejsi-43166\/\" \/>\n<meta property=\"og:locale\" content=\"cs_CZ\" \/>\n<meta property=\"og:type\" content=\"article\" \/>\n<meta property=\"og:title\" content=\"Zrcadlo s osv\u011btlen\u00edm Bernay Nejprod\u00e1van\u011bj\u0161\u00ed -\" \/>\n<meta property=\"og:description\" content=\"Detailn\u00ed popis produktu Interi\u00e9rov\u00e9 zrcadlo \u00a0Bernay\u00a0vynik\u00e1 vysoce kvalitn\u00edm zpracov\u00e1n\u00edm a spolehlivou funk\u010dnost\u00ed v\u0161ech sou\u010d\u00e1st\u00ed a materi\u00e1l\u016f.\u00a0 P\u0159ednosti zrcadla\u00a0\u00a0Bernay zrcadlo podsv\u00edcen\u00e9\u00a0\u017e\u00e1rovkou 2 ks (E14) max. 28 W zrcadlo dod\u00e1 prostoru\u00a0v\u00edce sv\u011btla zrcadlo bez\u00a0vyp\u00edna\u010de \u0161pi\u010dkov\u00e1 povrchov\u00e1 \u00faprava =\u00a0velmi snadn\u00e1 \u00fadr\u017eba dod\u00e1v\u00e1no ve smontovan\u00e9m stavu, p\u0159ipraveno k\u00a0okam\u017eit\u00e9 instalaci Rozm\u011br: 55 x 65 cm\u00a0 Z\u00e1ruka 2 roky Dopl\u0148kov\u00e9 parametry [&hellip;]\" \/>\n<meta property=\"og:url\" content=\"https:\/\/www.technodompro.com\/index.php\/produkt\/zrcadlo-s-osvetlenim-bernay-nejprodavanejsi-43166\/\" \/>\n<meta property=\"og:image\" content=\"https:\/\/www.technodompro.com\/wp-content\/uploads\/2026\/SK0016707-CZ20260425-092556-0-1777080363-1339918_zrcadlo-s-osvetlenim-bernay.webp\" \/>\n\t<meta property=\"og:image:width\" content=\"1000\" \/>\n\t<meta property=\"og:image:height\" content=\"750\" \/>\n\t<meta property=\"og:image:type\" content=\"image\/webp\" \/>\n<meta name=\"twitter:card\" content=\"summary_large_image\" \/>\n<meta name=\"twitter:label1\" content=\"Odhadovan\u00e1 doba \u010dten\u00ed\" \/>\n\t<meta name=\"twitter:data1\" content=\"1 minuta\" \/>\n<script type=\"application\/ld+json\" class=\"yoast-schema-graph\">{\"@context\":\"https:\/\/schema.org\",\"@graph\":[{\"@type\":\"WebPage\",\"@id\":\"https:\/\/www.technodompro.com\/index.php\/produkt\/zrcadlo-s-osvetlenim-bernay-nejprodavanejsi-43166\/\",\"url\":\"https:\/\/www.technodompro.com\/index.php\/produkt\/zrcadlo-s-osvetlenim-bernay-nejprodavanejsi-43166\/\",\"name\":\"Zrcadlo s osv\u011btlen\u00edm Bernay Nejprod\u00e1van\u011bj\u0161\u00ed -\",\"isPartOf\":{\"@id\":\"https:\/\/www.technodompro.com\/#website\"},\"primaryImageOfPage\":{\"@id\":\"https:\/\/www.technodompro.com\/index.php\/produkt\/zrcadlo-s-osvetlenim-bernay-nejprodavanejsi-43166\/#primaryimage\"},\"image\":{\"@id\":\"https:\/\/www.technodompro.com\/index.php\/produkt\/zrcadlo-s-osvetlenim-bernay-nejprodavanejsi-43166\/#primaryimage\"},\"thumbnailUrl\":\"https:\/\/www.technodompro.com\/wp-content\/uploads\/2026\/SK0016707-CZ20260425-092556-0-1777080363-1339918_zrcadlo-s-osvetlenim-bernay.webp\",\"datePublished\":\"2026-04-27T04:42:25+00:00\",\"breadcrumb\":{\"@id\":\"https:\/\/www.technodompro.com\/index.php\/produkt\/zrcadlo-s-osvetlenim-bernay-nejprodavanejsi-43166\/#breadcrumb\"},\"inLanguage\":\"cs\",\"potentialAction\":[{\"@type\":\"ReadAction\",\"target\":[\"https:\/\/www.technodompro.com\/index.php\/produkt\/zrcadlo-s-osvetlenim-bernay-nejprodavanejsi-43166\/\"]}]},{\"@type\":\"ImageObject\",\"inLanguage\":\"cs\",\"@id\":\"https:\/\/www.technodompro.com\/index.php\/produkt\/zrcadlo-s-osvetlenim-bernay-nejprodavanejsi-43166\/#primaryimage\",\"url\":\"https:\/\/www.technodompro.com\/wp-content\/uploads\/2026\/SK0016707-CZ20260425-092556-0-1777080363-1339918_zrcadlo-s-osvetlenim-bernay.webp\",\"contentUrl\":\"https:\/\/www.technodompro.com\/wp-content\/uploads\/2026\/SK0016707-CZ20260425-092556-0-1777080363-1339918_zrcadlo-s-osvetlenim-bernay.webp\",\"width\":1000,\"height\":750},{\"@type\":\"BreadcrumbList\",\"@id\":\"https:\/\/www.technodompro.com\/index.php\/produkt\/zrcadlo-s-osvetlenim-bernay-nejprodavanejsi-43166\/#breadcrumb\",\"itemListElement\":[{\"@type\":\"ListItem\",\"position\":1,\"name\":\"Home\",\"item\":\"https:\/\/www.technodompro.com\/\"},{\"@type\":\"ListItem\",\"position\":2,\"name\":\"Products\",\"item\":\"https:\/\/www.technodompro.com\/index.php\/products\/\"},{\"@type\":\"ListItem\",\"position\":3,\"name\":\"Zrcadlo s osv\u011btlen\u00edm Bernay Nejprod\u00e1van\u011bj\u0161\u00ed\"}]},{\"@type\":\"WebSite\",\"@id\":\"https:\/\/www.technodompro.com\/#website\",\"url\":\"https:\/\/www.technodompro.com\/\",\"name\":\"\",\"description\":\"\",\"potentialAction\":[{\"@type\":\"SearchAction\",\"target\":{\"@type\":\"EntryPoint\",\"urlTemplate\":\"https:\/\/www.technodompro.com\/?s={search_term_string}\"},\"query-input\":{\"@type\":\"PropertyValueSpecification\",\"valueRequired\":true,\"valueName\":\"search_term_string\"}}],\"inLanguage\":\"cs\"}]}<\/script>\n<!-- \/ Yoast SEO plugin. -->","yoast_head_json":{"title":"Zrcadlo s osv\u011btlen\u00edm Bernay Nejprod\u00e1van\u011bj\u0161\u00ed -","robots":{"index":"index","follow":"follow","max-snippet":"max-snippet:-1","max-image-preview":"max-image-preview:large","max-video-preview":"max-video-preview:-1"},"canonical":"https:\/\/www.technodompro.com\/index.php\/produkt\/zrcadlo-s-osvetlenim-bernay-nejprodavanejsi-43166\/","og_locale":"cs_CZ","og_type":"article","og_title":"Zrcadlo s osv\u011btlen\u00edm Bernay Nejprod\u00e1van\u011bj\u0161\u00ed -","og_description":"Detailn\u00ed popis produktu Interi\u00e9rov\u00e9 zrcadlo \u00a0Bernay\u00a0vynik\u00e1 vysoce kvalitn\u00edm zpracov\u00e1n\u00edm a spolehlivou funk\u010dnost\u00ed v\u0161ech sou\u010d\u00e1st\u00ed a materi\u00e1l\u016f.\u00a0 P\u0159ednosti zrcadla\u00a0\u00a0Bernay zrcadlo podsv\u00edcen\u00e9\u00a0\u017e\u00e1rovkou 2 ks (E14) max. 28 W zrcadlo dod\u00e1 prostoru\u00a0v\u00edce sv\u011btla zrcadlo bez\u00a0vyp\u00edna\u010de \u0161pi\u010dkov\u00e1 povrchov\u00e1 \u00faprava =\u00a0velmi snadn\u00e1 \u00fadr\u017eba dod\u00e1v\u00e1no ve smontovan\u00e9m stavu, p\u0159ipraveno k\u00a0okam\u017eit\u00e9 instalaci Rozm\u011br: 55 x 65 cm\u00a0 Z\u00e1ruka 2 roky Dopl\u0148kov\u00e9 parametry [&hellip;]","og_url":"https:\/\/www.technodompro.com\/index.php\/produkt\/zrcadlo-s-osvetlenim-bernay-nejprodavanejsi-43166\/","og_image":[{"width":1000,"height":750,"url":"https:\/\/www.technodompro.com\/wp-content\/uploads\/2026\/SK0016707-CZ20260425-092556-0-1777080363-1339918_zrcadlo-s-osvetlenim-bernay.webp","type":"image\/webp"}],"twitter_card":"summary_large_image","twitter_misc":{"Odhadovan\u00e1 doba \u010dten\u00ed":"1 minuta"},"schema":{"@context":"https:\/\/schema.org","@graph":[{"@type":"WebPage","@id":"https:\/\/www.technodompro.com\/index.php\/produkt\/zrcadlo-s-osvetlenim-bernay-nejprodavanejsi-43166\/","url":"https:\/\/www.technodompro.com\/index.php\/produkt\/zrcadlo-s-osvetlenim-bernay-nejprodavanejsi-43166\/","name":"Zrcadlo s osv\u011btlen\u00edm Bernay Nejprod\u00e1van\u011bj\u0161\u00ed -","isPartOf":{"@id":"https:\/\/www.technodompro.com\/#website"},"primaryImageOfPage":{"@id":"https:\/\/www.technodompro.com\/index.php\/produkt\/zrcadlo-s-osvetlenim-bernay-nejprodavanejsi-43166\/#primaryimage"},"image":{"@id":"https:\/\/www.technodompro.com\/index.php\/produkt\/zrcadlo-s-osvetlenim-bernay-nejprodavanejsi-43166\/#primaryimage"},"thumbnailUrl":"https:\/\/www.technodompro.com\/wp-content\/uploads\/2026\/SK0016707-CZ20260425-092556-0-1777080363-1339918_zrcadlo-s-osvetlenim-bernay.webp","datePublished":"2026-04-27T04:42:25+00:00","breadcrumb":{"@id":"https:\/\/www.technodompro.com\/index.php\/produkt\/zrcadlo-s-osvetlenim-bernay-nejprodavanejsi-43166\/#breadcrumb"},"inLanguage":"cs","potentialAction":[{"@type":"ReadAction","target":["https:\/\/www.technodompro.com\/index.php\/produkt\/zrcadlo-s-osvetlenim-bernay-nejprodavanejsi-43166\/"]}]},{"@type":"ImageObject","inLanguage":"cs","@id":"https:\/\/www.technodompro.com\/index.php\/produkt\/zrcadlo-s-osvetlenim-bernay-nejprodavanejsi-43166\/#primaryimage","url":"https:\/\/www.technodompro.com\/wp-content\/uploads\/2026\/SK0016707-CZ20260425-092556-0-1777080363-1339918_zrcadlo-s-osvetlenim-bernay.webp","contentUrl":"https:\/\/www.technodompro.com\/wp-content\/uploads\/2026\/SK0016707-CZ20260425-092556-0-1777080363-1339918_zrcadlo-s-osvetlenim-bernay.webp","width":1000,"height":750},{"@type":"BreadcrumbList","@id":"https:\/\/www.technodompro.com\/index.php\/produkt\/zrcadlo-s-osvetlenim-bernay-nejprodavanejsi-43166\/#breadcrumb","itemListElement":[{"@type":"ListItem","position":1,"name":"Home","item":"https:\/\/www.technodompro.com\/"},{"@type":"ListItem","position":2,"name":"Products","item":"https:\/\/www.technodompro.com\/index.php\/products\/"},{"@type":"ListItem","position":3,"name":"Zrcadlo s osv\u011btlen\u00edm Bernay Nejprod\u00e1van\u011bj\u0161\u00ed"}]},{"@type":"WebSite","@id":"https:\/\/www.technodompro.com\/#website","url":"https:\/\/www.technodompro.com\/","name":"","description":"","potentialAction":[{"@type":"SearchAction","target":{"@type":"EntryPoint","urlTemplate":"https:\/\/www.technodompro.com\/?s={search_term_string}"},"query-input":{"@type":"PropertyValueSpecification","valueRequired":true,"valueName":"search_term_string"}}],"inLanguage":"cs"}]}},"_links":{"self":[{"href":"https:\/\/www.technodompro.com\/index.php\/wp-json\/wp\/v2\/product\/43166","targetHints":{"allow":["GET"]}}],"collection":[{"href":"https:\/\/www.technodompro.com\/index.php\/wp-json\/wp\/v2\/product"}],"about":[{"href":"https:\/\/www.technodompro.com\/index.php\/wp-json\/wp\/v2\/types\/product"}],"replies":[{"embeddable":true,"href":"https:\/\/www.technodompro.com\/index.php\/wp-json\/wp\/v2\/comments?post=43166"}],"wp:featuredmedia":[{"embeddable":true,"href":"https:\/\/www.technodompro.com\/index.php\/wp-json\/wp\/v2\/media\/43266"}],"wp:attachment":[{"href":"https:\/\/www.technodompro.com\/index.php\/wp-json\/wp\/v2\/media?parent=43166"}],"wp:term":[{"taxonomy":"product_brand","embeddable":true,"href":"https:\/\/www.technodompro.com\/index.php\/wp-json\/wp\/v2\/product_brand?post=43166"},{"taxonomy":"product_cat","embeddable":true,"href":"https:\/\/www.technodompro.com\/index.php\/wp-json\/wp\/v2\/product_cat?post=43166"},{"taxonomy":"product_tag","embeddable":true,"href":"https:\/\/www.technodompro.com\/index.php\/wp-json\/wp\/v2\/product_tag?post=43166"}],"curies":[{"name":"wp","href":"https:\/\/api.w.org\/{rel}","templated":true}]}}