{"id":44892,"date":"2026-04-27T04:42:30","date_gmt":"2026-04-27T04:42:30","guid":{"rendered":""},"modified":"2026-04-27T04:42:30","modified_gmt":"2026-04-27T04:42:30","slug":"znackovy-elektricky-susak-primavera-c34-bila-matna-40-x-112-cm-44892","status":"publish","type":"product","link":"https:\/\/www.technodompro.com\/index.php\/produkt\/znackovy-elektricky-susak-primavera-c34-bila-matna-40-x-112-cm-44892\/","title":{"rendered":"Zna\u010dkov\u00fd Elektrick\u00fd su\u0161\u00e1k PRIMAVERA, C34 b\u00edl\u00e1 matn\u00e1, 40 x 112 cm"},"content":{"rendered":"<div class=\"basic-description\">\n<h3>Detailn\u00ed popis produktu<\/h3>\n<p><strong>Elektrick\u00fd su\u0161\u00e1k<\/strong> udr\u017euje p\u0159es den ru\u010dn\u00edky, ut\u011brky a osu\u0161ky sv\u011b\u017e\u00ed. Jeho u\u017eitn\u00e9 vlastnosti vyniknou zejm\u00e9na v dob\u011b mimo topn\u00e9 sez\u00f3ny. <strong>Konstrukce su\u0161\u00e1ku umo\u017e\u0148uje jeho st\u00e1l\u00e9 zapojen\u00ed do s\u00edt\u011b<\/strong>. Zah\u0159\u00e1t\u00ed na u\u017eitnou teplotu trv\u00e1 cca 15 minut. Povrchov\u00e1 provozn\u00ed teplota je cca 45\u00b0C. Dvojit\u00e1 izolace, odolnost proti tryskaj\u00edc\u00ed vod\u011b &#8211; kryt\u00ed IP 44, d\u00e9lka p\u0159\u00edvodn\u00ed \u0161\u0148\u016fry 1,5 m, a na konci je opat\u0159ena <strong>kol\u00e9bkov\u00fdm vyp\u00edna\u010dem<\/strong>. <strong>N\u00edzk\u00e1 spot\u0159eba el. energie<\/strong>. Uvnit\u0159 su\u0161\u00e1ku je pouze <strong>odporov\u00fd dr\u00e1t<\/strong>, tud\u00ed\u017e nen\u00ed t\u0159eba ho napou\u0161t\u011bt \u017e\u00e1dnou pln\u00edc\u00ed tekutinou.<\/p>\n<p><strong>Rozm\u011brov\u00e9 varianty:<\/strong><\/p>\n<ul>\n<li>400\u00a0\u00d7 1120 mm, 87 W<\/li>\n<li>400 x 1600 mm, 103 W<\/li>\n<li>500 \u00d7 1600 mm, 120 W<\/li>\n<\/ul>\n<p><strong>Materi\u00e1l:<\/strong><\/p>\n<ul>\n<li><strong>proveden\u00ed<\/strong>\u00a0bo\u010dn\u00ed ocelov\u00e1 trubka o pr\u016fm\u011bru <strong>38<\/strong>\u00a0<strong>mm<\/strong><\/li>\n<li><strong>povrchov\u00e1 ochrana<\/strong> je provedena pr\u00e1\u0161kovou barvou za horka <strong>(komaxit)<\/strong><\/li>\n<\/ul>\n<p><strong>Barevn\u00e9 proveden\u00ed:<\/strong><\/p>\n<ul>\n<li>C31 \u010dern\u00e1 matn\u00e1<\/li>\n<li>C34 b\u00edl\u00e1 matn\u00e1<\/li>\n<\/ul>\n<h3><strong>Z\u00c1RUKA 5\u00a0LET<\/strong><\/h3>\n<\/p><\/div>\n<div class=\"extended-description\">\n<h3>Dopl\u0148kov\u00e9 parametry<\/h3>\n<table class=\"detail-parameters\">\n<tbody>\n<tr>\n<th>        <span class=\"row-header-label\">            Kategorie<span class=\"row-header-label-colon\">:<\/span>        <\/span>    <\/th>\n<td>            <\/td>\n<\/tr>\n<tr>\n<th>            <span class=\"row-header-label\">                Z\u00e1ruka<span class=\"row-header-label-colon\">:<\/span>            <\/span>        <\/th>\n<td>            Z\u00e1ruka 5 let na elektroniku\/15 let na lak a t\u011bsnost        <\/td>\n<\/tr>\n<tr>\n<th>            <span class=\"row-header-label\">                Hmotnost<span class=\"row-header-label-colon\">:<\/span>            <\/span>        <\/th>\n<td>            4.5 kg        <\/td>\n<\/tr>\n<tr class=\"productEan\">\n<th>          <span class=\"row-header-label productEan__label\">              EAN<span class=\"row-header-label-colon\">:<\/span>          <\/span>      <\/th>\n<td>          <span class=\"productEan__value\">5905253372377<\/span>      <\/td>\n<\/tr>\n<tr>\n<th>                <span class=\"row-header-label\">                                            Barva<span class=\"row-header-label-colon\">:<\/span>                                    <\/span>            <\/th>\n<td>                                                            \u010cern\u00e1                                                <\/td>\n<\/tr>\n<tr>\n<th>                <span class=\"row-header-label\">                                            Barva radi\u00e1toru<span class=\"row-header-label-colon\">:<\/span>                                    <\/span>            <\/th>\n<td>                                                            C34 b\u00edl\u00e1 matn\u00e1                                                <\/td>\n<\/tr>\n<tr>\n<th>                <span class=\"row-header-label\">                                            Katalog<span class=\"row-header-label-colon\">:<\/span>                                    <\/span>            <\/th>\n<td>                                                            Olsen-Spa                                                <\/td>\n<\/tr>\n<tr>\n<th>                <span class=\"row-header-label\">                                            Materi\u00e1l<span class=\"row-header-label-colon\">:<\/span>                                    <\/span>            <\/th>\n<td>                                                            Ocel                                                <\/td>\n<\/tr>\n<tr>\n<th>                <span class=\"row-header-label\">                                            Rozm\u011br A<span class=\"row-header-label-colon\">:<\/span>                                    <\/span>            <\/th>\n<td>                                                            400 mm,500 mm                                                <\/td>\n<\/tr>\n<tr>\n<th>                <span class=\"row-header-label\">                                            Rozm\u011br C<span class=\"row-header-label-colon\">:<\/span>                                    <\/span>            <\/th>\n<td>                                                            1600 mm,1120 mm                                                <\/td>\n<\/tr>\n<tr>\n<th>                <span class=\"row-header-label\">                                            Rozm\u011br radi\u00e1toru<span class=\"row-header-label-colon\">:<\/span>                                    <\/span>            <\/th>\n<td>                                                            40 x 112 cm                                                <\/td>\n<\/tr>\n<tr>\n<th>                <span class=\"row-header-label\">                                            S\u00e9rie<span class=\"row-header-label-colon\">:<\/span>                                    <\/span>            <\/th>\n<td>                                                            PRIMAVERA                                                <\/td>\n<\/tr>\n<tr>\n<th>                <span class=\"row-header-label\">                                            Skupina artiklu<span class=\"row-header-label-colon\">:<\/span>                                    <\/span>            <\/th>\n<td>                                                            S23B3                                                <\/td>\n<\/tr>\n<tr>\n<th>                <span class=\"row-header-label\">                                            Stupe\u0148 kryt\u00ed<span class=\"row-header-label-colon\">:<\/span>                                    <\/span>            <\/th>\n<td>                                                            IP44                                                <\/td>\n<\/tr>\n<tr>\n<th>                <span class=\"row-header-label\">                                            Top Produkt<span class=\"row-header-label-colon\">:<\/span>                                    <\/span>            <\/th>\n<td>                                                            Ano                                                <\/td>\n<\/tr>\n<tr>\n<th>                <span class=\"row-header-label\">                                            Typ p\u0159ipojen\u00ed<span class=\"row-header-label-colon\">:<\/span>                                    <\/span>            <\/th>\n<td>                                                            Elektrick\u00e9                                                <\/td>\n<\/tr>\n<tr>\n<th>                <span class=\"row-header-label\">                                            V\u00fdkon<span class=\"row-header-label-colon\">:<\/span>                                    <\/span>            <\/th>\n<td>                                                            87 W,120 W,103 W                                                <\/td>\n<\/tr>\n<tr>\n<th>                <span class=\"row-header-label\">                                            Z\u00e1ruka<span class=\"row-header-label-colon\">:<\/span>                                    <\/span>            <\/th>\n<td>                                                            Z\u00e1ruka 5 let na elektroniku\/15 let na lak a t\u011bsnost                                                <\/td>\n<\/tr>\n<\/tbody>\n<\/table><\/div>\n<\/p><\/div>\n<\/p><\/div>\n","protected":false},"excerpt":{"rendered":"<p>Detailn\u00ed popis produktu Elektrick\u00fd su\u0161\u00e1k udr\u017euje p\u0159es den ru\u010dn\u00edky, ut\u011brky a osu\u0161ky sv\u011b\u017e\u00ed. Jeho u\u017eitn\u00e9 vlastnosti vyniknou zejm\u00e9na v dob\u011b mimo topn\u00e9 sez\u00f3ny. Konstrukce su\u0161\u00e1ku umo\u017e\u0148uje jeho st\u00e1l\u00e9 zapojen\u00ed do s\u00edt\u011b. Zah\u0159\u00e1t\u00ed na u\u017eitnou teplotu trv\u00e1 cca 15 minut. Povrchov\u00e1 provozn\u00ed teplota je cca 45\u00b0C. Dvojit\u00e1 izolace, odolnost proti tryskaj\u00edc\u00ed vod\u011b &#8211; kryt\u00ed IP 44, [&hellip;]<\/p>\n","protected":false},"featured_media":44992,"comment_status":"open","ping_status":"open","template":"","meta":[],"product_brand":[],"product_cat":[58],"product_tag":[],"class_list":{"0":"post-44892","1":"product","2":"type-product","3":"status-publish","4":"has-post-thumbnail","6":"product_cat-koupelnove-radiatory","8":"first","9":"instock","10":"sale","11":"shipping-taxable","12":"purchasable","13":"product-type-simple"},"yoast_head":"<!-- This site is optimized with the Yoast SEO plugin v26.8 - https:\/\/yoast.com\/product\/yoast-seo-wordpress\/ -->\n<title>Zna\u010dkov\u00fd Elektrick\u00fd su\u0161\u00e1k PRIMAVERA, C34 b\u00edl\u00e1 matn\u00e1, 40 x 112 cm -<\/title>\n<meta name=\"robots\" content=\"index, follow, max-snippet:-1, max-image-preview:large, max-video-preview:-1\" \/>\n<link rel=\"canonical\" href=\"https:\/\/www.technodompro.com\/index.php\/produkt\/znackovy-elektricky-susak-primavera-c34-bila-matna-40-x-112-cm-44892\/\" \/>\n<meta property=\"og:locale\" content=\"cs_CZ\" \/>\n<meta property=\"og:type\" content=\"article\" \/>\n<meta property=\"og:title\" content=\"Zna\u010dkov\u00fd Elektrick\u00fd su\u0161\u00e1k PRIMAVERA, C34 b\u00edl\u00e1 matn\u00e1, 40 x 112 cm -\" \/>\n<meta property=\"og:description\" content=\"Detailn\u00ed popis produktu Elektrick\u00fd su\u0161\u00e1k udr\u017euje p\u0159es den ru\u010dn\u00edky, ut\u011brky a osu\u0161ky sv\u011b\u017e\u00ed. Jeho u\u017eitn\u00e9 vlastnosti vyniknou zejm\u00e9na v dob\u011b mimo topn\u00e9 sez\u00f3ny. Konstrukce su\u0161\u00e1ku umo\u017e\u0148uje jeho st\u00e1l\u00e9 zapojen\u00ed do s\u00edt\u011b. Zah\u0159\u00e1t\u00ed na u\u017eitnou teplotu trv\u00e1 cca 15 minut. Povrchov\u00e1 provozn\u00ed teplota je cca 45\u00b0C. Dvojit\u00e1 izolace, odolnost proti tryskaj\u00edc\u00ed vod\u011b &#8211; kryt\u00ed IP 44, [&hellip;]\" \/>\n<meta property=\"og:url\" content=\"https:\/\/www.technodompro.com\/index.php\/produkt\/znackovy-elektricky-susak-primavera-c34-bila-matna-40-x-112-cm-44892\/\" \/>\n<meta property=\"og:image\" content=\"https:\/\/www.technodompro.com\/wp-content\/uploads\/2026\/SK0017885-CZ20260425-092556-0-1777080363-1519801_elektricky-susak-primavera.webp\" \/>\n\t<meta property=\"og:image:width\" content=\"1000\" \/>\n\t<meta property=\"og:image:height\" content=\"750\" \/>\n\t<meta property=\"og:image:type\" content=\"image\/webp\" \/>\n<meta name=\"twitter:card\" content=\"summary_large_image\" \/>\n<meta name=\"twitter:label1\" content=\"Odhadovan\u00e1 doba \u010dten\u00ed\" \/>\n\t<meta name=\"twitter:data1\" content=\"1 minuta\" \/>\n<script type=\"application\/ld+json\" class=\"yoast-schema-graph\">{\"@context\":\"https:\/\/schema.org\",\"@graph\":[{\"@type\":\"WebPage\",\"@id\":\"https:\/\/www.technodompro.com\/index.php\/produkt\/znackovy-elektricky-susak-primavera-c34-bila-matna-40-x-112-cm-44892\/\",\"url\":\"https:\/\/www.technodompro.com\/index.php\/produkt\/znackovy-elektricky-susak-primavera-c34-bila-matna-40-x-112-cm-44892\/\",\"name\":\"Zna\u010dkov\u00fd Elektrick\u00fd su\u0161\u00e1k PRIMAVERA, C34 b\u00edl\u00e1 matn\u00e1, 40 x 112 cm -\",\"isPartOf\":{\"@id\":\"https:\/\/www.technodompro.com\/#website\"},\"primaryImageOfPage\":{\"@id\":\"https:\/\/www.technodompro.com\/index.php\/produkt\/znackovy-elektricky-susak-primavera-c34-bila-matna-40-x-112-cm-44892\/#primaryimage\"},\"image\":{\"@id\":\"https:\/\/www.technodompro.com\/index.php\/produkt\/znackovy-elektricky-susak-primavera-c34-bila-matna-40-x-112-cm-44892\/#primaryimage\"},\"thumbnailUrl\":\"https:\/\/www.technodompro.com\/wp-content\/uploads\/2026\/SK0017885-CZ20260425-092556-0-1777080363-1519801_elektricky-susak-primavera.webp\",\"datePublished\":\"2026-04-27T04:42:30+00:00\",\"breadcrumb\":{\"@id\":\"https:\/\/www.technodompro.com\/index.php\/produkt\/znackovy-elektricky-susak-primavera-c34-bila-matna-40-x-112-cm-44892\/#breadcrumb\"},\"inLanguage\":\"cs\",\"potentialAction\":[{\"@type\":\"ReadAction\",\"target\":[\"https:\/\/www.technodompro.com\/index.php\/produkt\/znackovy-elektricky-susak-primavera-c34-bila-matna-40-x-112-cm-44892\/\"]}]},{\"@type\":\"ImageObject\",\"inLanguage\":\"cs\",\"@id\":\"https:\/\/www.technodompro.com\/index.php\/produkt\/znackovy-elektricky-susak-primavera-c34-bila-matna-40-x-112-cm-44892\/#primaryimage\",\"url\":\"https:\/\/www.technodompro.com\/wp-content\/uploads\/2026\/SK0017885-CZ20260425-092556-0-1777080363-1519801_elektricky-susak-primavera.webp\",\"contentUrl\":\"https:\/\/www.technodompro.com\/wp-content\/uploads\/2026\/SK0017885-CZ20260425-092556-0-1777080363-1519801_elektricky-susak-primavera.webp\",\"width\":1000,\"height\":750},{\"@type\":\"BreadcrumbList\",\"@id\":\"https:\/\/www.technodompro.com\/index.php\/produkt\/znackovy-elektricky-susak-primavera-c34-bila-matna-40-x-112-cm-44892\/#breadcrumb\",\"itemListElement\":[{\"@type\":\"ListItem\",\"position\":1,\"name\":\"Home\",\"item\":\"https:\/\/www.technodompro.com\/\"},{\"@type\":\"ListItem\",\"position\":2,\"name\":\"Products\",\"item\":\"https:\/\/www.technodompro.com\/index.php\/products\/\"},{\"@type\":\"ListItem\",\"position\":3,\"name\":\"Zna\u010dkov\u00fd Elektrick\u00fd su\u0161\u00e1k PRIMAVERA, C34 b\u00edl\u00e1 matn\u00e1, 40 x 112 cm\"}]},{\"@type\":\"WebSite\",\"@id\":\"https:\/\/www.technodompro.com\/#website\",\"url\":\"https:\/\/www.technodompro.com\/\",\"name\":\"\",\"description\":\"\",\"potentialAction\":[{\"@type\":\"SearchAction\",\"target\":{\"@type\":\"EntryPoint\",\"urlTemplate\":\"https:\/\/www.technodompro.com\/?s={search_term_string}\"},\"query-input\":{\"@type\":\"PropertyValueSpecification\",\"valueRequired\":true,\"valueName\":\"search_term_string\"}}],\"inLanguage\":\"cs\"}]}<\/script>\n<!-- \/ Yoast SEO plugin. -->","yoast_head_json":{"title":"Zna\u010dkov\u00fd Elektrick\u00fd su\u0161\u00e1k PRIMAVERA, C34 b\u00edl\u00e1 matn\u00e1, 40 x 112 cm -","robots":{"index":"index","follow":"follow","max-snippet":"max-snippet:-1","max-image-preview":"max-image-preview:large","max-video-preview":"max-video-preview:-1"},"canonical":"https:\/\/www.technodompro.com\/index.php\/produkt\/znackovy-elektricky-susak-primavera-c34-bila-matna-40-x-112-cm-44892\/","og_locale":"cs_CZ","og_type":"article","og_title":"Zna\u010dkov\u00fd Elektrick\u00fd su\u0161\u00e1k PRIMAVERA, C34 b\u00edl\u00e1 matn\u00e1, 40 x 112 cm -","og_description":"Detailn\u00ed popis produktu Elektrick\u00fd su\u0161\u00e1k udr\u017euje p\u0159es den ru\u010dn\u00edky, ut\u011brky a osu\u0161ky sv\u011b\u017e\u00ed. Jeho u\u017eitn\u00e9 vlastnosti vyniknou zejm\u00e9na v dob\u011b mimo topn\u00e9 sez\u00f3ny. Konstrukce su\u0161\u00e1ku umo\u017e\u0148uje jeho st\u00e1l\u00e9 zapojen\u00ed do s\u00edt\u011b. Zah\u0159\u00e1t\u00ed na u\u017eitnou teplotu trv\u00e1 cca 15 minut. Povrchov\u00e1 provozn\u00ed teplota je cca 45\u00b0C. Dvojit\u00e1 izolace, odolnost proti tryskaj\u00edc\u00ed vod\u011b &#8211; kryt\u00ed IP 44, [&hellip;]","og_url":"https:\/\/www.technodompro.com\/index.php\/produkt\/znackovy-elektricky-susak-primavera-c34-bila-matna-40-x-112-cm-44892\/","og_image":[{"width":1000,"height":750,"url":"https:\/\/www.technodompro.com\/wp-content\/uploads\/2026\/SK0017885-CZ20260425-092556-0-1777080363-1519801_elektricky-susak-primavera.webp","type":"image\/webp"}],"twitter_card":"summary_large_image","twitter_misc":{"Odhadovan\u00e1 doba \u010dten\u00ed":"1 minuta"},"schema":{"@context":"https:\/\/schema.org","@graph":[{"@type":"WebPage","@id":"https:\/\/www.technodompro.com\/index.php\/produkt\/znackovy-elektricky-susak-primavera-c34-bila-matna-40-x-112-cm-44892\/","url":"https:\/\/www.technodompro.com\/index.php\/produkt\/znackovy-elektricky-susak-primavera-c34-bila-matna-40-x-112-cm-44892\/","name":"Zna\u010dkov\u00fd Elektrick\u00fd su\u0161\u00e1k PRIMAVERA, C34 b\u00edl\u00e1 matn\u00e1, 40 x 112 cm -","isPartOf":{"@id":"https:\/\/www.technodompro.com\/#website"},"primaryImageOfPage":{"@id":"https:\/\/www.technodompro.com\/index.php\/produkt\/znackovy-elektricky-susak-primavera-c34-bila-matna-40-x-112-cm-44892\/#primaryimage"},"image":{"@id":"https:\/\/www.technodompro.com\/index.php\/produkt\/znackovy-elektricky-susak-primavera-c34-bila-matna-40-x-112-cm-44892\/#primaryimage"},"thumbnailUrl":"https:\/\/www.technodompro.com\/wp-content\/uploads\/2026\/SK0017885-CZ20260425-092556-0-1777080363-1519801_elektricky-susak-primavera.webp","datePublished":"2026-04-27T04:42:30+00:00","breadcrumb":{"@id":"https:\/\/www.technodompro.com\/index.php\/produkt\/znackovy-elektricky-susak-primavera-c34-bila-matna-40-x-112-cm-44892\/#breadcrumb"},"inLanguage":"cs","potentialAction":[{"@type":"ReadAction","target":["https:\/\/www.technodompro.com\/index.php\/produkt\/znackovy-elektricky-susak-primavera-c34-bila-matna-40-x-112-cm-44892\/"]}]},{"@type":"ImageObject","inLanguage":"cs","@id":"https:\/\/www.technodompro.com\/index.php\/produkt\/znackovy-elektricky-susak-primavera-c34-bila-matna-40-x-112-cm-44892\/#primaryimage","url":"https:\/\/www.technodompro.com\/wp-content\/uploads\/2026\/SK0017885-CZ20260425-092556-0-1777080363-1519801_elektricky-susak-primavera.webp","contentUrl":"https:\/\/www.technodompro.com\/wp-content\/uploads\/2026\/SK0017885-CZ20260425-092556-0-1777080363-1519801_elektricky-susak-primavera.webp","width":1000,"height":750},{"@type":"BreadcrumbList","@id":"https:\/\/www.technodompro.com\/index.php\/produkt\/znackovy-elektricky-susak-primavera-c34-bila-matna-40-x-112-cm-44892\/#breadcrumb","itemListElement":[{"@type":"ListItem","position":1,"name":"Home","item":"https:\/\/www.technodompro.com\/"},{"@type":"ListItem","position":2,"name":"Products","item":"https:\/\/www.technodompro.com\/index.php\/products\/"},{"@type":"ListItem","position":3,"name":"Zna\u010dkov\u00fd Elektrick\u00fd su\u0161\u00e1k PRIMAVERA, C34 b\u00edl\u00e1 matn\u00e1, 40 x 112 cm"}]},{"@type":"WebSite","@id":"https:\/\/www.technodompro.com\/#website","url":"https:\/\/www.technodompro.com\/","name":"","description":"","potentialAction":[{"@type":"SearchAction","target":{"@type":"EntryPoint","urlTemplate":"https:\/\/www.technodompro.com\/?s={search_term_string}"},"query-input":{"@type":"PropertyValueSpecification","valueRequired":true,"valueName":"search_term_string"}}],"inLanguage":"cs"}]}},"_links":{"self":[{"href":"https:\/\/www.technodompro.com\/index.php\/wp-json\/wp\/v2\/product\/44892","targetHints":{"allow":["GET"]}}],"collection":[{"href":"https:\/\/www.technodompro.com\/index.php\/wp-json\/wp\/v2\/product"}],"about":[{"href":"https:\/\/www.technodompro.com\/index.php\/wp-json\/wp\/v2\/types\/product"}],"replies":[{"embeddable":true,"href":"https:\/\/www.technodompro.com\/index.php\/wp-json\/wp\/v2\/comments?post=44892"}],"wp:featuredmedia":[{"embeddable":true,"href":"https:\/\/www.technodompro.com\/index.php\/wp-json\/wp\/v2\/media\/44992"}],"wp:attachment":[{"href":"https:\/\/www.technodompro.com\/index.php\/wp-json\/wp\/v2\/media?parent=44892"}],"wp:term":[{"taxonomy":"product_brand","embeddable":true,"href":"https:\/\/www.technodompro.com\/index.php\/wp-json\/wp\/v2\/product_brand?post=44892"},{"taxonomy":"product_cat","embeddable":true,"href":"https:\/\/www.technodompro.com\/index.php\/wp-json\/wp\/v2\/product_cat?post=44892"},{"taxonomy":"product_tag","embeddable":true,"href":"https:\/\/www.technodompro.com\/index.php\/wp-json\/wp\/v2\/product_tag?post=44892"}],"curies":[{"name":"wp","href":"https:\/\/api.w.org\/{rel}","templated":true}]}}