{"id":54162,"date":"2026-04-27T04:42:56","date_gmt":"2026-04-27T04:42:56","guid":{"rendered":""},"modified":"2026-04-27T04:42:56","modified_gmt":"2026-04-27T04:42:56","slug":"znackovy-viega-prevista-modul-dry-pro-umyvadlo-820-980x500mm-mod-8535-31-776-190-54162","status":"publish","type":"product","link":"https:\/\/www.technodompro.com\/index.php\/produkt\/znackovy-viega-prevista-modul-dry-pro-umyvadlo-820-980x500mm-mod-8535-31-776-190-54162\/","title":{"rendered":"Zna\u010dkov\u00fd Viega Prevista modul DRY pro umyvadlo 820-980x500mm mod. 8535.31, 776 190"},"content":{"rendered":"<div class=\"basic-description\">\n<h3>Detailn\u00ed popis produktu<\/h3>\n<p><span style=\"font-family: 'Source Serif 4', sans-serif; font-size: 14pt;\">Viega Prevista modul DRY pro umyvadlo 820-980x500mm mod. 8535.31, 776 190<\/span><\/p>\n<p>&nbsp;<\/p>\n<p><span style=\"font-family: 'Source Serif 4', sans-serif; font-size: 11pt;\"><meta charset=\"UTF-8\" \/><\/span><\/p>\n<div class=\"c-headline c-headline--h2 \" data-controller=\"c-headline\">\n<h2 class=\"a-headline a-headline--h2 c-headline__headline g-spacing-bottom--medium\" id=\"model\"><span style=\"font-size: 11pt;\"><strong><span style=\"font-family: 'Source Serif 4', sans-serif;\">Prevista Dry-umyvadlov\u00fd prvek<br \/><\/span><\/strong><\/span><strong style=\"font-family: 'Source Serif 4', sans-serif; font-size: 11pt; color: var(--colors-foregrounds-content-secondary);\">820\u2013980&nbsp;<nobr>mm<\/nobr><\/strong><\/h2>\n<\/div>\n<div class=\"m-richtext g-spacing-bottom--medium\">\n<ul>\n<li><span style=\"font-family: 'Source Serif 4', sans-serif; font-size: 11pt;\">pro n\u00e1sleduj\u00edc\u00ed produkty a pou\u017eit\u00ed: umyvadlo se&nbsp;<\/span><nobr>stoj\u00e1nkovou<\/nobr><span style=\"font-family: 'Source Serif 4', sans-serif; font-size: 11pt;\"> bateri\u00ed<\/span><\/li>\n<li><span style=\"font-family: 'Source Serif 4', sans-serif; font-size: 11pt;\">pro p\u0159edst\u011bnovou mont\u00e1\u017e je zapot\u0159eb\u00ed objednat: Prevista Dry-upev\u0148ovac\u00ed sada model 8570.66<\/span><\/li>\n<li><span style=\"font-family: 'Source Serif 4', sans-serif; font-size: 11pt;\">ocel<\/span><\/li>\n<li><span style=\"font-family: 'Source Serif 4', sans-serif; font-size: 11pt;\">integrace do&nbsp;<\/span><nobr>syst\u00e9mu<\/nobr> <nobr>Prevista<\/nobr><span style=\"font-family: 'Source Serif 4', sans-serif; font-size: 11pt;\">&nbsp;<\/span><nobr>Dry<\/nobr><span style=\"font-family: 'Source Serif 4', sans-serif; font-size: 11pt;\"> Plus<\/span><\/li>\n<li><span style=\"font-family: 'Source Serif 4', sans-serif; font-size: 11pt;\">sou\u010d\u00e1st\u00ed v\u00fdbavy nen\u00ed: metr<\/span><\/li>\n<\/ul>\n<h3><span style=\"font-family: 'Source Serif 4', sans-serif; font-size: 11pt;\"><br \/><strong>Vybaven\u00ed:<\/strong><br \/><\/span><span style=\"font-family: 'Source Serif 4', sans-serif; font-size: 11pt;\">r\u00e1m <\/span><nobr style=\"color: #4d4d4d; font-family: var(--template-font),sans-serif; font-size: 14px;\">(4<\/nobr><span style=\"font-family: 'Source Serif 4', sans-serif; font-size: 11pt;\">0 x&nbsp;<\/span><nobr style=\"color: #4d4d4d; font-family: var(--template-font),sans-serif; font-size: 14px;\">40)<\/nobr><span style=\"font-family: 'Source Serif 4', sans-serif; font-size: 11pt;\"> o\u0161et\u0159en\u00fd pr\u00e1\u0161kovou barvou, v\u00fd\u0161kov\u011b nastaviteln\u00e9 upevn\u011bn\u00ed sanit\u00e1rn\u00ed keramiky, p\u0159\u00edpoje v\u00fd\u0161kov\u011b nastaviteln\u00e9 pomoc\u00ed rychloup\u00edn\u00e1n\u00ed, upev\u0148ovac\u00ed materi\u00e1l, brzda no\u017eky k&nbsp;<\/span><nobr style=\"color: #4d4d4d; font-family: var(--template-font),sans-serif; font-size: 14px;\">nastaven\u00ed<\/nobr><span style=\"font-family: 'Source Serif 4', sans-serif; font-size: 11pt;\"> instala\u010dn\u00ed v\u00fd\u0161ky, odtokov\u00fd oblouk DN40\/50 s&nbsp;<\/span><nobr style=\"color: #4d4d4d; font-family: var(--template-font),sans-serif; font-size: 14px;\">mo\u017enost\u00ed<\/nobr><span style=\"font-family: 'Source Serif 4', sans-serif; font-size: 11pt;\"> zkr\u00e1cen\u00ed, s&nbsp;<\/span><nobr style=\"color: #4d4d4d; font-family: var(--template-font),sans-serif; font-size: 14px;\">pry\u017eovou<\/nobr><span style=\"font-family: 'Source Serif 4', sans-serif; font-size: 11pt;\">vsuvkou DN50\/30<\/span><\/h3>\n<h3><span style=\"font-family: 'Source Serif 4', sans-serif; font-size: 11pt;\"><br \/><strong>Technick\u00e1 data:<\/strong><br \/><\/span><span style=\"font-family: 'Source Serif 4', sans-serif; font-size: 11pt;\">Max. zat\u00ed\u017een\u00ed 150&nbsp;<\/span><nobr style=\"color: #4d4d4d; font-family: var(--template-font),sans-serif; font-size: 14px;\">kg<\/nobr><\/h3>\n<h3><span style=\"font-family: 'Source Serif 4', sans-serif; font-size: 11pt;\"><br \/><strong>Upozorn\u011bn\u00ed:<\/strong><br \/><\/span><span style=\"font-family: 'Source Serif 4', sans-serif; font-size: 11pt;\">Dvojit\u00e9 n\u00e1st\u011bnky Sanpress p\u0159i\u0161roubujte \u0161rouby M4x30&nbsp;<\/span><nobr style=\"color: #4d4d4d; font-family: var(--template-font),sans-serif; font-size: 14px;\">mm<\/nobr><span style=\"font-family: 'Source Serif 4', sans-serif; font-size: 11pt;\">&nbsp;<\/span><nobr style=\"color: #4d4d4d; font-family: var(--template-font),sans-serif; font-size: 14px;\">nebo<\/nobr><span style=\"font-family: 'Source Serif 4', sans-serif; font-size: 11pt;\"> pou\u017eijte <\/span><nobr style=\"color: #4d4d4d; font-family: var(--template-font),sans-serif; font-size: 14px;\">model<\/nobr><span style=\"font-family: 'Source Serif 4', sans-serif; font-size: 11pt;\">&nbsp;8580.72.<\/span><\/h3>\n<p><span style=\"font-family: 'Source Serif 4', sans-serif; font-size: 11pt;\">model 8535.31<\/span><\/div>\n<\/p><\/div>\n","protected":false},"excerpt":{"rendered":"<p>Detailn\u00ed popis produktu Viega Prevista modul DRY pro umyvadlo 820-980x500mm mod. 8535.31, 776 190 &nbsp; Prevista Dry-umyvadlov\u00fd prvek820\u2013980&nbsp;mm pro n\u00e1sleduj\u00edc\u00ed produkty a pou\u017eit\u00ed: umyvadlo se&nbsp;stoj\u00e1nkovou bateri\u00ed pro p\u0159edst\u011bnovou mont\u00e1\u017e je zapot\u0159eb\u00ed objednat: Prevista Dry-upev\u0148ovac\u00ed sada model 8570.66 ocel integrace do&nbsp;syst\u00e9mu Prevista&nbsp;Dry Plus sou\u010d\u00e1st\u00ed v\u00fdbavy nen\u00ed: metr Vybaven\u00ed:r\u00e1m (40 x&nbsp;40) o\u0161et\u0159en\u00fd pr\u00e1\u0161kovou barvou, v\u00fd\u0161kov\u011b nastaviteln\u00e9 upevn\u011bn\u00ed [&hellip;]<\/p>\n","protected":false},"featured_media":54262,"comment_status":"open","ping_status":"open","template":"","meta":[],"product_brand":[],"product_cat":[78],"product_tag":[],"class_list":{"0":"post-54162","1":"product","2":"type-product","3":"status-publish","4":"has-post-thumbnail","6":"product_cat-koupelny-a-sanitarni-technika","8":"first","9":"instock","10":"sale","11":"shipping-taxable","12":"purchasable","13":"product-type-simple"},"yoast_head":"<!-- This site is optimized with the Yoast SEO plugin v26.8 - https:\/\/yoast.com\/product\/yoast-seo-wordpress\/ -->\n<title>Zna\u010dkov\u00fd Viega Prevista modul DRY pro umyvadlo 820-980x500mm mod. 8535.31, 776 190 -<\/title>\n<meta name=\"robots\" content=\"index, follow, max-snippet:-1, max-image-preview:large, max-video-preview:-1\" \/>\n<link rel=\"canonical\" href=\"https:\/\/www.technodompro.com\/index.php\/produkt\/znackovy-viega-prevista-modul-dry-pro-umyvadlo-820-980x500mm-mod-8535-31-776-190-54162\/\" \/>\n<meta property=\"og:locale\" content=\"cs_CZ\" \/>\n<meta property=\"og:type\" content=\"article\" \/>\n<meta property=\"og:title\" content=\"Zna\u010dkov\u00fd Viega Prevista modul DRY pro umyvadlo 820-980x500mm mod. 8535.31, 776 190 -\" \/>\n<meta property=\"og:description\" content=\"Detailn\u00ed popis produktu Viega Prevista modul DRY pro umyvadlo 820-980x500mm mod. 8535.31, 776 190 &nbsp; Prevista Dry-umyvadlov\u00fd prvek820\u2013980&nbsp;mm pro n\u00e1sleduj\u00edc\u00ed produkty a pou\u017eit\u00ed: umyvadlo se&nbsp;stoj\u00e1nkovou bateri\u00ed pro p\u0159edst\u011bnovou mont\u00e1\u017e je zapot\u0159eb\u00ed objednat: Prevista Dry-upev\u0148ovac\u00ed sada model 8570.66 ocel integrace do&nbsp;syst\u00e9mu Prevista&nbsp;Dry Plus sou\u010d\u00e1st\u00ed v\u00fdbavy nen\u00ed: metr Vybaven\u00ed:r\u00e1m (40 x&nbsp;40) o\u0161et\u0159en\u00fd pr\u00e1\u0161kovou barvou, v\u00fd\u0161kov\u011b nastaviteln\u00e9 upevn\u011bn\u00ed [&hellip;]\" \/>\n<meta property=\"og:url\" content=\"https:\/\/www.technodompro.com\/index.php\/produkt\/znackovy-viega-prevista-modul-dry-pro-umyvadlo-820-980x500mm-mod-8535-31-776-190-54162\/\" \/>\n<meta property=\"og:image\" content=\"https:\/\/www.technodompro.com\/wp-content\/uploads\/2026\/SK0017173-CZ20260425-093351-0-1777080838-1083279_0_ppm853531i776190v01-jpg.webp\" \/>\n\t<meta property=\"og:image:width\" content=\"1000\" \/>\n\t<meta property=\"og:image:height\" content=\"750\" \/>\n\t<meta property=\"og:image:type\" content=\"image\/webp\" \/>\n<meta name=\"twitter:card\" content=\"summary_large_image\" \/>\n<meta name=\"twitter:label1\" content=\"Odhadovan\u00e1 doba \u010dten\u00ed\" \/>\n\t<meta name=\"twitter:data1\" content=\"1 minuta\" \/>\n<script type=\"application\/ld+json\" class=\"yoast-schema-graph\">{\"@context\":\"https:\/\/schema.org\",\"@graph\":[{\"@type\":\"WebPage\",\"@id\":\"https:\/\/www.technodompro.com\/index.php\/produkt\/znackovy-viega-prevista-modul-dry-pro-umyvadlo-820-980x500mm-mod-8535-31-776-190-54162\/\",\"url\":\"https:\/\/www.technodompro.com\/index.php\/produkt\/znackovy-viega-prevista-modul-dry-pro-umyvadlo-820-980x500mm-mod-8535-31-776-190-54162\/\",\"name\":\"Zna\u010dkov\u00fd Viega Prevista modul DRY pro umyvadlo 820-980x500mm mod. 8535.31, 776 190 -\",\"isPartOf\":{\"@id\":\"https:\/\/www.technodompro.com\/#website\"},\"primaryImageOfPage\":{\"@id\":\"https:\/\/www.technodompro.com\/index.php\/produkt\/znackovy-viega-prevista-modul-dry-pro-umyvadlo-820-980x500mm-mod-8535-31-776-190-54162\/#primaryimage\"},\"image\":{\"@id\":\"https:\/\/www.technodompro.com\/index.php\/produkt\/znackovy-viega-prevista-modul-dry-pro-umyvadlo-820-980x500mm-mod-8535-31-776-190-54162\/#primaryimage\"},\"thumbnailUrl\":\"https:\/\/www.technodompro.com\/wp-content\/uploads\/2026\/SK0017173-CZ20260425-093351-0-1777080838-1083279_0_ppm853531i776190v01-jpg.webp\",\"datePublished\":\"2026-04-27T04:42:56+00:00\",\"breadcrumb\":{\"@id\":\"https:\/\/www.technodompro.com\/index.php\/produkt\/znackovy-viega-prevista-modul-dry-pro-umyvadlo-820-980x500mm-mod-8535-31-776-190-54162\/#breadcrumb\"},\"inLanguage\":\"cs\",\"potentialAction\":[{\"@type\":\"ReadAction\",\"target\":[\"https:\/\/www.technodompro.com\/index.php\/produkt\/znackovy-viega-prevista-modul-dry-pro-umyvadlo-820-980x500mm-mod-8535-31-776-190-54162\/\"]}]},{\"@type\":\"ImageObject\",\"inLanguage\":\"cs\",\"@id\":\"https:\/\/www.technodompro.com\/index.php\/produkt\/znackovy-viega-prevista-modul-dry-pro-umyvadlo-820-980x500mm-mod-8535-31-776-190-54162\/#primaryimage\",\"url\":\"https:\/\/www.technodompro.com\/wp-content\/uploads\/2026\/SK0017173-CZ20260425-093351-0-1777080838-1083279_0_ppm853531i776190v01-jpg.webp\",\"contentUrl\":\"https:\/\/www.technodompro.com\/wp-content\/uploads\/2026\/SK0017173-CZ20260425-093351-0-1777080838-1083279_0_ppm853531i776190v01-jpg.webp\",\"width\":1000,\"height\":750},{\"@type\":\"BreadcrumbList\",\"@id\":\"https:\/\/www.technodompro.com\/index.php\/produkt\/znackovy-viega-prevista-modul-dry-pro-umyvadlo-820-980x500mm-mod-8535-31-776-190-54162\/#breadcrumb\",\"itemListElement\":[{\"@type\":\"ListItem\",\"position\":1,\"name\":\"Home\",\"item\":\"https:\/\/www.technodompro.com\/\"},{\"@type\":\"ListItem\",\"position\":2,\"name\":\"Products\",\"item\":\"https:\/\/www.technodompro.com\/index.php\/products\/\"},{\"@type\":\"ListItem\",\"position\":3,\"name\":\"Zna\u010dkov\u00fd Viega Prevista modul DRY pro umyvadlo 820-980x500mm mod. 8535.31, 776 190\"}]},{\"@type\":\"WebSite\",\"@id\":\"https:\/\/www.technodompro.com\/#website\",\"url\":\"https:\/\/www.technodompro.com\/\",\"name\":\"\",\"description\":\"\",\"potentialAction\":[{\"@type\":\"SearchAction\",\"target\":{\"@type\":\"EntryPoint\",\"urlTemplate\":\"https:\/\/www.technodompro.com\/?s={search_term_string}\"},\"query-input\":{\"@type\":\"PropertyValueSpecification\",\"valueRequired\":true,\"valueName\":\"search_term_string\"}}],\"inLanguage\":\"cs\"}]}<\/script>\n<!-- \/ Yoast SEO plugin. -->","yoast_head_json":{"title":"Zna\u010dkov\u00fd Viega Prevista modul DRY pro umyvadlo 820-980x500mm mod. 8535.31, 776 190 -","robots":{"index":"index","follow":"follow","max-snippet":"max-snippet:-1","max-image-preview":"max-image-preview:large","max-video-preview":"max-video-preview:-1"},"canonical":"https:\/\/www.technodompro.com\/index.php\/produkt\/znackovy-viega-prevista-modul-dry-pro-umyvadlo-820-980x500mm-mod-8535-31-776-190-54162\/","og_locale":"cs_CZ","og_type":"article","og_title":"Zna\u010dkov\u00fd Viega Prevista modul DRY pro umyvadlo 820-980x500mm mod. 8535.31, 776 190 -","og_description":"Detailn\u00ed popis produktu Viega Prevista modul DRY pro umyvadlo 820-980x500mm mod. 8535.31, 776 190 &nbsp; Prevista Dry-umyvadlov\u00fd prvek820\u2013980&nbsp;mm pro n\u00e1sleduj\u00edc\u00ed produkty a pou\u017eit\u00ed: umyvadlo se&nbsp;stoj\u00e1nkovou bateri\u00ed pro p\u0159edst\u011bnovou mont\u00e1\u017e je zapot\u0159eb\u00ed objednat: Prevista Dry-upev\u0148ovac\u00ed sada model 8570.66 ocel integrace do&nbsp;syst\u00e9mu Prevista&nbsp;Dry Plus sou\u010d\u00e1st\u00ed v\u00fdbavy nen\u00ed: metr Vybaven\u00ed:r\u00e1m (40 x&nbsp;40) o\u0161et\u0159en\u00fd pr\u00e1\u0161kovou barvou, v\u00fd\u0161kov\u011b nastaviteln\u00e9 upevn\u011bn\u00ed [&hellip;]","og_url":"https:\/\/www.technodompro.com\/index.php\/produkt\/znackovy-viega-prevista-modul-dry-pro-umyvadlo-820-980x500mm-mod-8535-31-776-190-54162\/","og_image":[{"width":1000,"height":750,"url":"https:\/\/www.technodompro.com\/wp-content\/uploads\/2026\/SK0017173-CZ20260425-093351-0-1777080838-1083279_0_ppm853531i776190v01-jpg.webp","type":"image\/webp"}],"twitter_card":"summary_large_image","twitter_misc":{"Odhadovan\u00e1 doba \u010dten\u00ed":"1 minuta"},"schema":{"@context":"https:\/\/schema.org","@graph":[{"@type":"WebPage","@id":"https:\/\/www.technodompro.com\/index.php\/produkt\/znackovy-viega-prevista-modul-dry-pro-umyvadlo-820-980x500mm-mod-8535-31-776-190-54162\/","url":"https:\/\/www.technodompro.com\/index.php\/produkt\/znackovy-viega-prevista-modul-dry-pro-umyvadlo-820-980x500mm-mod-8535-31-776-190-54162\/","name":"Zna\u010dkov\u00fd Viega Prevista modul DRY pro umyvadlo 820-980x500mm mod. 8535.31, 776 190 -","isPartOf":{"@id":"https:\/\/www.technodompro.com\/#website"},"primaryImageOfPage":{"@id":"https:\/\/www.technodompro.com\/index.php\/produkt\/znackovy-viega-prevista-modul-dry-pro-umyvadlo-820-980x500mm-mod-8535-31-776-190-54162\/#primaryimage"},"image":{"@id":"https:\/\/www.technodompro.com\/index.php\/produkt\/znackovy-viega-prevista-modul-dry-pro-umyvadlo-820-980x500mm-mod-8535-31-776-190-54162\/#primaryimage"},"thumbnailUrl":"https:\/\/www.technodompro.com\/wp-content\/uploads\/2026\/SK0017173-CZ20260425-093351-0-1777080838-1083279_0_ppm853531i776190v01-jpg.webp","datePublished":"2026-04-27T04:42:56+00:00","breadcrumb":{"@id":"https:\/\/www.technodompro.com\/index.php\/produkt\/znackovy-viega-prevista-modul-dry-pro-umyvadlo-820-980x500mm-mod-8535-31-776-190-54162\/#breadcrumb"},"inLanguage":"cs","potentialAction":[{"@type":"ReadAction","target":["https:\/\/www.technodompro.com\/index.php\/produkt\/znackovy-viega-prevista-modul-dry-pro-umyvadlo-820-980x500mm-mod-8535-31-776-190-54162\/"]}]},{"@type":"ImageObject","inLanguage":"cs","@id":"https:\/\/www.technodompro.com\/index.php\/produkt\/znackovy-viega-prevista-modul-dry-pro-umyvadlo-820-980x500mm-mod-8535-31-776-190-54162\/#primaryimage","url":"https:\/\/www.technodompro.com\/wp-content\/uploads\/2026\/SK0017173-CZ20260425-093351-0-1777080838-1083279_0_ppm853531i776190v01-jpg.webp","contentUrl":"https:\/\/www.technodompro.com\/wp-content\/uploads\/2026\/SK0017173-CZ20260425-093351-0-1777080838-1083279_0_ppm853531i776190v01-jpg.webp","width":1000,"height":750},{"@type":"BreadcrumbList","@id":"https:\/\/www.technodompro.com\/index.php\/produkt\/znackovy-viega-prevista-modul-dry-pro-umyvadlo-820-980x500mm-mod-8535-31-776-190-54162\/#breadcrumb","itemListElement":[{"@type":"ListItem","position":1,"name":"Home","item":"https:\/\/www.technodompro.com\/"},{"@type":"ListItem","position":2,"name":"Products","item":"https:\/\/www.technodompro.com\/index.php\/products\/"},{"@type":"ListItem","position":3,"name":"Zna\u010dkov\u00fd Viega Prevista modul DRY pro umyvadlo 820-980x500mm mod. 8535.31, 776 190"}]},{"@type":"WebSite","@id":"https:\/\/www.technodompro.com\/#website","url":"https:\/\/www.technodompro.com\/","name":"","description":"","potentialAction":[{"@type":"SearchAction","target":{"@type":"EntryPoint","urlTemplate":"https:\/\/www.technodompro.com\/?s={search_term_string}"},"query-input":{"@type":"PropertyValueSpecification","valueRequired":true,"valueName":"search_term_string"}}],"inLanguage":"cs"}]}},"_links":{"self":[{"href":"https:\/\/www.technodompro.com\/index.php\/wp-json\/wp\/v2\/product\/54162","targetHints":{"allow":["GET"]}}],"collection":[{"href":"https:\/\/www.technodompro.com\/index.php\/wp-json\/wp\/v2\/product"}],"about":[{"href":"https:\/\/www.technodompro.com\/index.php\/wp-json\/wp\/v2\/types\/product"}],"replies":[{"embeddable":true,"href":"https:\/\/www.technodompro.com\/index.php\/wp-json\/wp\/v2\/comments?post=54162"}],"wp:featuredmedia":[{"embeddable":true,"href":"https:\/\/www.technodompro.com\/index.php\/wp-json\/wp\/v2\/media\/54262"}],"wp:attachment":[{"href":"https:\/\/www.technodompro.com\/index.php\/wp-json\/wp\/v2\/media?parent=54162"}],"wp:term":[{"taxonomy":"product_brand","embeddable":true,"href":"https:\/\/www.technodompro.com\/index.php\/wp-json\/wp\/v2\/product_brand?post=54162"},{"taxonomy":"product_cat","embeddable":true,"href":"https:\/\/www.technodompro.com\/index.php\/wp-json\/wp\/v2\/product_cat?post=54162"},{"taxonomy":"product_tag","embeddable":true,"href":"https:\/\/www.technodompro.com\/index.php\/wp-json\/wp\/v2\/product_tag?post=54162"}],"curies":[{"name":"wp","href":"https:\/\/api.w.org\/{rel}","templated":true}]}}