{"id":57891,"date":"2026-04-27T04:43:07","date_gmt":"2026-04-27T04:43:07","guid":{"rendered":""},"modified":"2026-04-27T04:43:07","modified_gmt":"2026-04-27T04:43:07","slug":"znackovy-ravak-vana-asymetricka-160x75-cm-prava-avocado-160-p-ch01000000-57891","status":"publish","type":"product","link":"https:\/\/www.technodompro.com\/index.php\/produkt\/znackovy-ravak-vana-asymetricka-160x75-cm-prava-avocado-160-p-ch01000000-57891\/","title":{"rendered":"Zna\u010dkov\u00fd Ravak Vana asymetrick\u00e1 160\u00d775 cm prav\u00e1, AVOCADO 160 P &#8211; CH01000000"},"content":{"rendered":"<div class=\"basic-description\">\n<h3>Detailn\u00ed popis produktu<\/h3>\n<h3>Technick\u00fd popis<\/h3>\n<ul>\n<li>rozm\u011bry: 160 x 75 cm<\/li>\n<li>materi\u00e1l: lit\u00fd akryl\u00e1t<\/li>\n<li>varianta vyztu\u017een\u00ed: LA &#8211; sklolamin\u00e1t<\/li>\n<li>objem: 175 l<\/li>\n<li>proveden\u00ed: prav\u00e9 (P)<\/li>\n<li>vanov\u00e1 z\u00e1st\u011bna: ne<\/li>\n<li>dopl\u0148ky k dokoupen\u00ed: podpora, \u010deln\u00ed panel, vanov\u00fd odtokov\u00fd komplet<\/li>\n<\/ul>\n<p><strong>K&nbsp;van\u011b Avocado<\/strong><span>&nbsp;<\/span>je mo\u017en\u00e9 dokoupit \u010deln\u00ed panel a vanov\u00fd odtokov\u00fd komplet. Nelze ji doplnit o&nbsp;vanovou z\u00e1st\u011bnu. Vana je vyztu\u017eena sklolamin\u00e1tem (LA).&nbsp;<br \/>Vana Avocado spolu s<span>&nbsp;<\/span>umyvadlem Avocado<span>&nbsp;<\/span>p\u0159edstavuje \u00fasporn\u00e9 \u0159e\u0161en\u00ed do nejmen\u0161\u00edch koupelen a tvo\u0159\u00ed slad\u011bn\u00e9 vybaven\u00ed koupelny tzv. koncept Avocado.<\/p>\n<\/p>\n<p><meta charset=\"utf-8\" \/><\/p>\n<p><meta charset=\"utf-8\" \/><strong>Upozorn\u011bn\u00ed pro z\u00e1kazn\u00edky ke koupi produkt\u016f na objedn\u00e1n\u00ed:<\/strong><span>&nbsp;Toto zbo\u017e\u00ed nen\u00ed standardn\u00edm s\u00e9riov\u00fdm v\u00fdrobkem. Bude vyrobeno na p\u0159\u00e1n\u00ed z\u00e1kazn\u00edka a proto jej&nbsp;<\/span><strong>nelze dodavateli v z\u00e1konn\u00e9 lh\u016ft\u011b vr\u00e1tit<\/strong><span>. (viz \u00a71837 odst.d, ob\u010dansk\u00e9ho z\u00e1kon\u00edku). V tomto p\u0159\u00edpad\u011b m\u016f\u017eeme po\u017eadovat nevratnou z\u00e1lohu a\u017e do v\u00fd\u0161e 100 % z ceny v\u00fdrobku.<\/span><\/p>\n<\/p><\/div>\n","protected":false},"excerpt":{"rendered":"<p>Detailn\u00ed popis produktu Technick\u00fd popis rozm\u011bry: 160 x 75 cm materi\u00e1l: lit\u00fd akryl\u00e1t varianta vyztu\u017een\u00ed: LA &#8211; sklolamin\u00e1t objem: 175 l proveden\u00ed: prav\u00e9 (P) vanov\u00e1 z\u00e1st\u011bna: ne dopl\u0148ky k dokoupen\u00ed: podpora, \u010deln\u00ed panel, vanov\u00fd odtokov\u00fd komplet K&nbsp;van\u011b Avocado&nbsp;je mo\u017en\u00e9 dokoupit \u010deln\u00ed panel a vanov\u00fd odtokov\u00fd komplet. Nelze ji doplnit o&nbsp;vanovou z\u00e1st\u011bnu. Vana je vyztu\u017eena sklolamin\u00e1tem [&hellip;]<\/p>\n","protected":false},"featured_media":57991,"comment_status":"open","ping_status":"open","template":"","meta":[],"product_brand":[],"product_cat":[68],"product_tag":[],"class_list":{"0":"post-57891","1":"product","2":"type-product","3":"status-publish","4":"has-post-thumbnail","6":"product_cat-vany","8":"first","9":"instock","10":"sale","11":"shipping-taxable","12":"purchasable","13":"product-type-simple"},"yoast_head":"<!-- This site is optimized with the Yoast SEO plugin v26.8 - https:\/\/yoast.com\/product\/yoast-seo-wordpress\/ -->\n<title>Zna\u010dkov\u00fd Ravak Vana asymetrick\u00e1 160\u00d775 cm prav\u00e1, AVOCADO 160 P - CH01000000 -<\/title>\n<meta name=\"robots\" content=\"index, follow, max-snippet:-1, max-image-preview:large, max-video-preview:-1\" \/>\n<link rel=\"canonical\" href=\"https:\/\/www.technodompro.com\/index.php\/produkt\/znackovy-ravak-vana-asymetricka-160x75-cm-prava-avocado-160-p-ch01000000-57891\/\" \/>\n<meta property=\"og:locale\" content=\"cs_CZ\" \/>\n<meta property=\"og:type\" content=\"article\" \/>\n<meta property=\"og:title\" content=\"Zna\u010dkov\u00fd Ravak Vana asymetrick\u00e1 160\u00d775 cm prav\u00e1, AVOCADO 160 P - CH01000000 -\" \/>\n<meta property=\"og:description\" content=\"Detailn\u00ed popis produktu Technick\u00fd popis rozm\u011bry: 160 x 75 cm materi\u00e1l: lit\u00fd akryl\u00e1t varianta vyztu\u017een\u00ed: LA &#8211; sklolamin\u00e1t objem: 175 l proveden\u00ed: prav\u00e9 (P) vanov\u00e1 z\u00e1st\u011bna: ne dopl\u0148ky k dokoupen\u00ed: podpora, \u010deln\u00ed panel, vanov\u00fd odtokov\u00fd komplet K&nbsp;van\u011b Avocado&nbsp;je mo\u017en\u00e9 dokoupit \u010deln\u00ed panel a vanov\u00fd odtokov\u00fd komplet. Nelze ji doplnit o&nbsp;vanovou z\u00e1st\u011bnu. Vana je vyztu\u017eena sklolamin\u00e1tem [&hellip;]\" \/>\n<meta property=\"og:url\" content=\"https:\/\/www.technodompro.com\/index.php\/produkt\/znackovy-ravak-vana-asymetricka-160x75-cm-prava-avocado-160-p-ch01000000-57891\/\" \/>\n<meta property=\"og:image\" content=\"https:\/\/www.technodompro.com\/wp-content\/uploads\/2026\/SK0013745-CZ20260425-093631-0-1777080994-274789-6_vana-avocado-prava.webp\" \/>\n\t<meta property=\"og:image:width\" content=\"1000\" \/>\n\t<meta property=\"og:image:height\" content=\"750\" \/>\n\t<meta property=\"og:image:type\" content=\"image\/webp\" \/>\n<meta name=\"twitter:card\" content=\"summary_large_image\" \/>\n<meta name=\"twitter:label1\" content=\"Odhadovan\u00e1 doba \u010dten\u00ed\" \/>\n\t<meta name=\"twitter:data1\" content=\"1 minuta\" \/>\n<script type=\"application\/ld+json\" class=\"yoast-schema-graph\">{\"@context\":\"https:\/\/schema.org\",\"@graph\":[{\"@type\":\"WebPage\",\"@id\":\"https:\/\/www.technodompro.com\/index.php\/produkt\/znackovy-ravak-vana-asymetricka-160x75-cm-prava-avocado-160-p-ch01000000-57891\/\",\"url\":\"https:\/\/www.technodompro.com\/index.php\/produkt\/znackovy-ravak-vana-asymetricka-160x75-cm-prava-avocado-160-p-ch01000000-57891\/\",\"name\":\"Zna\u010dkov\u00fd Ravak Vana asymetrick\u00e1 160\u00d775 cm prav\u00e1, AVOCADO 160 P - CH01000000 -\",\"isPartOf\":{\"@id\":\"https:\/\/www.technodompro.com\/#website\"},\"primaryImageOfPage\":{\"@id\":\"https:\/\/www.technodompro.com\/index.php\/produkt\/znackovy-ravak-vana-asymetricka-160x75-cm-prava-avocado-160-p-ch01000000-57891\/#primaryimage\"},\"image\":{\"@id\":\"https:\/\/www.technodompro.com\/index.php\/produkt\/znackovy-ravak-vana-asymetricka-160x75-cm-prava-avocado-160-p-ch01000000-57891\/#primaryimage\"},\"thumbnailUrl\":\"https:\/\/www.technodompro.com\/wp-content\/uploads\/2026\/SK0013745-CZ20260425-093631-0-1777080994-274789-6_vana-avocado-prava.webp\",\"datePublished\":\"2026-04-27T04:43:07+00:00\",\"breadcrumb\":{\"@id\":\"https:\/\/www.technodompro.com\/index.php\/produkt\/znackovy-ravak-vana-asymetricka-160x75-cm-prava-avocado-160-p-ch01000000-57891\/#breadcrumb\"},\"inLanguage\":\"cs\",\"potentialAction\":[{\"@type\":\"ReadAction\",\"target\":[\"https:\/\/www.technodompro.com\/index.php\/produkt\/znackovy-ravak-vana-asymetricka-160x75-cm-prava-avocado-160-p-ch01000000-57891\/\"]}]},{\"@type\":\"ImageObject\",\"inLanguage\":\"cs\",\"@id\":\"https:\/\/www.technodompro.com\/index.php\/produkt\/znackovy-ravak-vana-asymetricka-160x75-cm-prava-avocado-160-p-ch01000000-57891\/#primaryimage\",\"url\":\"https:\/\/www.technodompro.com\/wp-content\/uploads\/2026\/SK0013745-CZ20260425-093631-0-1777080994-274789-6_vana-avocado-prava.webp\",\"contentUrl\":\"https:\/\/www.technodompro.com\/wp-content\/uploads\/2026\/SK0013745-CZ20260425-093631-0-1777080994-274789-6_vana-avocado-prava.webp\",\"width\":1000,\"height\":750},{\"@type\":\"BreadcrumbList\",\"@id\":\"https:\/\/www.technodompro.com\/index.php\/produkt\/znackovy-ravak-vana-asymetricka-160x75-cm-prava-avocado-160-p-ch01000000-57891\/#breadcrumb\",\"itemListElement\":[{\"@type\":\"ListItem\",\"position\":1,\"name\":\"Home\",\"item\":\"https:\/\/www.technodompro.com\/\"},{\"@type\":\"ListItem\",\"position\":2,\"name\":\"Products\",\"item\":\"https:\/\/www.technodompro.com\/index.php\/products\/\"},{\"@type\":\"ListItem\",\"position\":3,\"name\":\"Zna\u010dkov\u00fd Ravak Vana asymetrick\u00e1 160\u00d775 cm prav\u00e1, AVOCADO 160 P &#8211; CH01000000\"}]},{\"@type\":\"WebSite\",\"@id\":\"https:\/\/www.technodompro.com\/#website\",\"url\":\"https:\/\/www.technodompro.com\/\",\"name\":\"\",\"description\":\"\",\"potentialAction\":[{\"@type\":\"SearchAction\",\"target\":{\"@type\":\"EntryPoint\",\"urlTemplate\":\"https:\/\/www.technodompro.com\/?s={search_term_string}\"},\"query-input\":{\"@type\":\"PropertyValueSpecification\",\"valueRequired\":true,\"valueName\":\"search_term_string\"}}],\"inLanguage\":\"cs\"}]}<\/script>\n<!-- \/ Yoast SEO plugin. -->","yoast_head_json":{"title":"Zna\u010dkov\u00fd Ravak Vana asymetrick\u00e1 160\u00d775 cm prav\u00e1, AVOCADO 160 P - CH01000000 -","robots":{"index":"index","follow":"follow","max-snippet":"max-snippet:-1","max-image-preview":"max-image-preview:large","max-video-preview":"max-video-preview:-1"},"canonical":"https:\/\/www.technodompro.com\/index.php\/produkt\/znackovy-ravak-vana-asymetricka-160x75-cm-prava-avocado-160-p-ch01000000-57891\/","og_locale":"cs_CZ","og_type":"article","og_title":"Zna\u010dkov\u00fd Ravak Vana asymetrick\u00e1 160\u00d775 cm prav\u00e1, AVOCADO 160 P - CH01000000 -","og_description":"Detailn\u00ed popis produktu Technick\u00fd popis rozm\u011bry: 160 x 75 cm materi\u00e1l: lit\u00fd akryl\u00e1t varianta vyztu\u017een\u00ed: LA &#8211; sklolamin\u00e1t objem: 175 l proveden\u00ed: prav\u00e9 (P) vanov\u00e1 z\u00e1st\u011bna: ne dopl\u0148ky k dokoupen\u00ed: podpora, \u010deln\u00ed panel, vanov\u00fd odtokov\u00fd komplet K&nbsp;van\u011b Avocado&nbsp;je mo\u017en\u00e9 dokoupit \u010deln\u00ed panel a vanov\u00fd odtokov\u00fd komplet. Nelze ji doplnit o&nbsp;vanovou z\u00e1st\u011bnu. Vana je vyztu\u017eena sklolamin\u00e1tem [&hellip;]","og_url":"https:\/\/www.technodompro.com\/index.php\/produkt\/znackovy-ravak-vana-asymetricka-160x75-cm-prava-avocado-160-p-ch01000000-57891\/","og_image":[{"width":1000,"height":750,"url":"https:\/\/www.technodompro.com\/wp-content\/uploads\/2026\/SK0013745-CZ20260425-093631-0-1777080994-274789-6_vana-avocado-prava.webp","type":"image\/webp"}],"twitter_card":"summary_large_image","twitter_misc":{"Odhadovan\u00e1 doba \u010dten\u00ed":"1 minuta"},"schema":{"@context":"https:\/\/schema.org","@graph":[{"@type":"WebPage","@id":"https:\/\/www.technodompro.com\/index.php\/produkt\/znackovy-ravak-vana-asymetricka-160x75-cm-prava-avocado-160-p-ch01000000-57891\/","url":"https:\/\/www.technodompro.com\/index.php\/produkt\/znackovy-ravak-vana-asymetricka-160x75-cm-prava-avocado-160-p-ch01000000-57891\/","name":"Zna\u010dkov\u00fd Ravak Vana asymetrick\u00e1 160\u00d775 cm prav\u00e1, AVOCADO 160 P - CH01000000 -","isPartOf":{"@id":"https:\/\/www.technodompro.com\/#website"},"primaryImageOfPage":{"@id":"https:\/\/www.technodompro.com\/index.php\/produkt\/znackovy-ravak-vana-asymetricka-160x75-cm-prava-avocado-160-p-ch01000000-57891\/#primaryimage"},"image":{"@id":"https:\/\/www.technodompro.com\/index.php\/produkt\/znackovy-ravak-vana-asymetricka-160x75-cm-prava-avocado-160-p-ch01000000-57891\/#primaryimage"},"thumbnailUrl":"https:\/\/www.technodompro.com\/wp-content\/uploads\/2026\/SK0013745-CZ20260425-093631-0-1777080994-274789-6_vana-avocado-prava.webp","datePublished":"2026-04-27T04:43:07+00:00","breadcrumb":{"@id":"https:\/\/www.technodompro.com\/index.php\/produkt\/znackovy-ravak-vana-asymetricka-160x75-cm-prava-avocado-160-p-ch01000000-57891\/#breadcrumb"},"inLanguage":"cs","potentialAction":[{"@type":"ReadAction","target":["https:\/\/www.technodompro.com\/index.php\/produkt\/znackovy-ravak-vana-asymetricka-160x75-cm-prava-avocado-160-p-ch01000000-57891\/"]}]},{"@type":"ImageObject","inLanguage":"cs","@id":"https:\/\/www.technodompro.com\/index.php\/produkt\/znackovy-ravak-vana-asymetricka-160x75-cm-prava-avocado-160-p-ch01000000-57891\/#primaryimage","url":"https:\/\/www.technodompro.com\/wp-content\/uploads\/2026\/SK0013745-CZ20260425-093631-0-1777080994-274789-6_vana-avocado-prava.webp","contentUrl":"https:\/\/www.technodompro.com\/wp-content\/uploads\/2026\/SK0013745-CZ20260425-093631-0-1777080994-274789-6_vana-avocado-prava.webp","width":1000,"height":750},{"@type":"BreadcrumbList","@id":"https:\/\/www.technodompro.com\/index.php\/produkt\/znackovy-ravak-vana-asymetricka-160x75-cm-prava-avocado-160-p-ch01000000-57891\/#breadcrumb","itemListElement":[{"@type":"ListItem","position":1,"name":"Home","item":"https:\/\/www.technodompro.com\/"},{"@type":"ListItem","position":2,"name":"Products","item":"https:\/\/www.technodompro.com\/index.php\/products\/"},{"@type":"ListItem","position":3,"name":"Zna\u010dkov\u00fd Ravak Vana asymetrick\u00e1 160\u00d775 cm prav\u00e1, AVOCADO 160 P &#8211; CH01000000"}]},{"@type":"WebSite","@id":"https:\/\/www.technodompro.com\/#website","url":"https:\/\/www.technodompro.com\/","name":"","description":"","potentialAction":[{"@type":"SearchAction","target":{"@type":"EntryPoint","urlTemplate":"https:\/\/www.technodompro.com\/?s={search_term_string}"},"query-input":{"@type":"PropertyValueSpecification","valueRequired":true,"valueName":"search_term_string"}}],"inLanguage":"cs"}]}},"_links":{"self":[{"href":"https:\/\/www.technodompro.com\/index.php\/wp-json\/wp\/v2\/product\/57891","targetHints":{"allow":["GET"]}}],"collection":[{"href":"https:\/\/www.technodompro.com\/index.php\/wp-json\/wp\/v2\/product"}],"about":[{"href":"https:\/\/www.technodompro.com\/index.php\/wp-json\/wp\/v2\/types\/product"}],"replies":[{"embeddable":true,"href":"https:\/\/www.technodompro.com\/index.php\/wp-json\/wp\/v2\/comments?post=57891"}],"wp:featuredmedia":[{"embeddable":true,"href":"https:\/\/www.technodompro.com\/index.php\/wp-json\/wp\/v2\/media\/57991"}],"wp:attachment":[{"href":"https:\/\/www.technodompro.com\/index.php\/wp-json\/wp\/v2\/media?parent=57891"}],"wp:term":[{"taxonomy":"product_brand","embeddable":true,"href":"https:\/\/www.technodompro.com\/index.php\/wp-json\/wp\/v2\/product_brand?post=57891"},{"taxonomy":"product_cat","embeddable":true,"href":"https:\/\/www.technodompro.com\/index.php\/wp-json\/wp\/v2\/product_cat?post=57891"},{"taxonomy":"product_tag","embeddable":true,"href":"https:\/\/www.technodompro.com\/index.php\/wp-json\/wp\/v2\/product_tag?post=57891"}],"curies":[{"name":"wp","href":"https:\/\/api.w.org\/{rel}","templated":true}]}}